{"id":63,"date":"2024-09-17T14:58:39","date_gmt":"2024-09-17T17:58:39","guid":{"rendered":"https:\/\/cafe.actmobmarketingdigital.com.br\/?page_id=63"},"modified":"2024-12-09T18:32:43","modified_gmt":"2024-12-09T21:32:43","slug":"nossa-historia","status":"publish","type":"page","link":"https:\/\/cafelourenco.com.br\/nossa-historia\/","title":{"rendered":"Nossa Hist\u00f3ria"},"content":{"rendered":"\n\n    <div class=\"container-fluid bkg-historia container-historia-home\">\n        <div class=\"row row-historia\">\n            <div class=\"col-12 col-lg-4 col-historia\">\n                <h2>100 anos<br \/>\n<strong>de hist\u00f3ria<\/strong><\/h2>\n\n                <div>\n                    <p><span style=\"font-weight: 400;\">A hist\u00f3ria da Caf\u00e9 Louren\u00e7o \u00e9 marcada pela paix\u00e3o pela qualidade do caf\u00e9 e pela busca incessante pela excel\u00eancia. Nossos gr\u00e3os t\u00eam forma, aroma e sabor incompar\u00e1veis, que garantem uma experi\u00eancia \u00fanica a todos que os apreciam. Mo\u00eddo e preparado em uma m\u00e1quina Caf\u00e9 Louren\u00e7o, o sabor se torna ainda mais especial.<\/span><\/p>\n<p><span style=\"font-weight: 400;\">Fundada em 1923 no bairro do Bel\u00e9m, em S\u00e3o Paulo, a Caf\u00e9 Louren\u00e7o nasceu do sonho de Louren\u00e7o Copaiolo, imigrante italiano, que come\u00e7ou com um armaz\u00e9m e, posteriormente, transformou seu neg\u00f3cio em uma torrefa\u00e7\u00e3o de caf\u00e9. O sucesso foi imediato, e o \u201ccaf\u00e9 do Louren\u00e7o\u201d logo se tornou refer\u00eancia na regi\u00e3o.<\/span><\/p>\n<p><span style=\"font-weight: 400;\">A fam\u00edlia Copaiolo, com forte tradi\u00e7\u00e3o na ind\u00fastria do caf\u00e9, teve um papel fundamental na funda\u00e7\u00e3o de importantes institui\u00e7\u00f5es, como o Sindicato do Caf\u00e9 de S\u00e3o Paulo e a ABIC (Associa\u00e7\u00e3o Brasileira da Ind\u00fastria de Caf\u00e9). A ABIC, hoje um dos principais \u00f3rg\u00e3os reguladores do setor no Brasil e no mundo, foi criada com a contribui\u00e7\u00e3o da nossa fam\u00edlia e, com ela, o selo de pureza que atesta a qualidade dos caf\u00e9s no pa\u00eds.<\/span><\/p>\n\n                <\/div>\n                <a href=\"\/nossa-historia\" class=\"button mt-3\">Conhe\u00e7a nossa hist\u00f3ria<\/a>\n            <\/div>\n\n                    <div class=\"col-12 col-lg-7 col-xxl-6 col-historia-produtos\">\n                        <a href=\"\/loja\" class=\"button-ver-produtos\">Ver todos os produtos<\/a>\n                        <div class=\"container\"><div class=\"row row-loop-produtos sliderHistoria\"><div class=\"col-12\"><div class=\"product-item\"><div class=\"product-image\"><img loading=\"lazy\" decoding=\"async\" width=\"720\" height=\"720\" src=\"https:\/\/cafelourenco.com.br\/wp-content\/uploads\/2026\/03\/compact-automatic-coffee-machine-for-officefb70d9ca-6bb4-4e56-8eda-14ea9dcfc186.webp\" class=\"attachment-full size-full\" alt=\"JETINNO JL22\" srcset=\"https:\/\/cafelourenco.com.br\/wp-content\/uploads\/2026\/03\/compact-automatic-coffee-machine-for-officefb70d9ca-6bb4-4e56-8eda-14ea9dcfc186.webp 720w, https:\/\/cafelourenco.com.br\/wp-content\/uploads\/2026\/03\/compact-automatic-coffee-machine-for-officefb70d9ca-6bb4-4e56-8eda-14ea9dcfc186-300x300.webp 300w, https:\/\/cafelourenco.com.br\/wp-content\/uploads\/2026\/03\/compact-automatic-coffee-machine-for-officefb70d9ca-6bb4-4e56-8eda-14ea9dcfc186-150x150.webp 150w, https:\/\/cafelourenco.com.br\/wp-content\/uploads\/2026\/03\/compact-automatic-coffee-machine-for-officefb70d9ca-6bb4-4e56-8eda-14ea9dcfc186-600x600.webp 600w, https:\/\/cafelourenco.com.br\/wp-content\/uploads\/2026\/03\/compact-automatic-coffee-machine-for-officefb70d9ca-6bb4-4e56-8eda-14ea9dcfc186-100x100.webp 100w, https:\/\/cafelourenco.com.br\/wp-content\/uploads\/2026\/03\/compact-automatic-coffee-machine-for-officefb70d9ca-6bb4-4e56-8eda-14ea9dcfc186-64x64.webp 64w\" sizes=\"auto, (max-width: 720px) 100vw, 720px\" \/><\/div><div class=\"produto-rating\"><div class=\"star-rating\"><span class=\"fa fa-star filled\"><\/span><span class=\"fa fa-star filled\"><\/span><span class=\"fa fa-star filled\"><\/span><span class=\"fa fa-star filled\"><\/span><span class=\"fa fa-star filled\"><\/span><\/div><\/div><h2 class=\"product-title\">JETINNO JL22<\/h2><div class=\"product-price\"><\/div><div class=\"btn_alugar price_off\">\n                <p>Entre em contato <br>para alugar<\/p>\n                <a href=\"https:\/\/api.whatsapp.com\/send\/?phone=5511995975810&amp;text=Ol\u00e1 vim atrav\u00e9s do site e gostaria de saber mais sobre a loca\u00e7\u00e3o desse produto: JETINNO JL22\" target=\"_blank\" aria-label=\"Bot\u00e3o para alugar produto\" rel=\"nofollow noopener\"><i class=\"fa-brands fa-whatsapp\"><\/i> Alugar<\/a>\n            <\/div><\/div><\/div><div class=\"col-12\"><div class=\"product-item\"><div class=\"product-image\"><img loading=\"lazy\" decoding=\"async\" width=\"173\" height=\"285\" src=\"https:\/\/cafelourenco.com.br\/wp-content\/uploads\/2026\/03\/img51.jpg\" class=\"attachment-full size-full\" alt=\"JETINNO JL31B\" srcset=\"https:\/\/cafelourenco.com.br\/wp-content\/uploads\/2026\/03\/img51.jpg 173w, https:\/\/cafelourenco.com.br\/wp-content\/uploads\/2026\/03\/img51-64x105.jpg 64w\" sizes=\"auto, (max-width: 173px) 100vw, 173px\" \/><\/div><div class=\"produto-rating\"><div class=\"star-rating\"><span class=\"fa fa-star filled\"><\/span><span class=\"fa fa-star filled\"><\/span><span class=\"fa fa-star filled\"><\/span><span class=\"fa fa-star filled\"><\/span><span class=\"fa fa-star filled\"><\/span><\/div><\/div><h2 class=\"product-title\">JETINNO JL31B<\/h2><div class=\"product-price\"><\/div><div class=\"btn_alugar price_off\">\n                <p>Entre em contato <br>para alugar<\/p>\n                <a href=\"https:\/\/api.whatsapp.com\/send\/?phone=5511995975810&amp;text=Ol\u00e1 vim atrav\u00e9s do site e gostaria de saber mais sobre a loca\u00e7\u00e3o desse produto: JETINNO JL31B\" target=\"_blank\" aria-label=\"Bot\u00e3o para alugar produto\" rel=\"nofollow noopener\"><i class=\"fa-brands fa-whatsapp\"><\/i> Alugar<\/a>\n            <\/div><\/div><\/div><div class=\"col-12\"><div class=\"product-item\"><div class=\"product-image\"><img loading=\"lazy\" decoding=\"async\" width=\"571\" height=\"596\" src=\"https:\/\/cafelourenco.com.br\/wp-content\/uploads\/2025\/10\/talia-bianchi-touch-1-q6h0f75c5c.png\" class=\"attachment-full size-full\" alt=\"Bianchi Talia\" srcset=\"https:\/\/cafelourenco.com.br\/wp-content\/uploads\/2025\/10\/talia-bianchi-touch-1-q6h0f75c5c.png 571w, https:\/\/cafelourenco.com.br\/wp-content\/uploads\/2025\/10\/talia-bianchi-touch-1-q6h0f75c5c-287x300.png 287w, https:\/\/cafelourenco.com.br\/wp-content\/uploads\/2025\/10\/talia-bianchi-touch-1-q6h0f75c5c-64x67.png 64w\" sizes=\"auto, (max-width: 571px) 100vw, 571px\" \/><\/div><div class=\"produto-rating\"><div class=\"star-rating\"><span class=\"fa fa-star filled\"><\/span><span class=\"fa fa-star filled\"><\/span><span class=\"fa fa-star filled\"><\/span><span class=\"fa fa-star filled\"><\/span><span class=\"fa fa-star filled\"><\/span><\/div><\/div><h2 class=\"product-title\">Bianchi Talia<\/h2><div class=\"product-price\"><\/div><div class=\"btn_alugar price_off\">\n                <p>Entre em contato <br>para alugar<\/p>\n                <a href=\"https:\/\/api.whatsapp.com\/send\/?phone=5511995975810&amp;text=Ol\u00e1 vim atrav\u00e9s do site e gostaria de saber mais sobre a loca\u00e7\u00e3o desse produto: Bianchi Talia\" target=\"_blank\" aria-label=\"Bot\u00e3o para alugar produto\" rel=\"nofollow noopener\"><i class=\"fa-brands fa-whatsapp\"><\/i> Alugar<\/a>\n            <\/div><\/div><\/div><div class=\"col-12\"><div class=\"product-item\"><div class=\"product-image\"><img loading=\"lazy\" decoding=\"async\" width=\"1000\" height=\"1000\" src=\"https:\/\/cafelourenco.com.br\/wp-content\/uploads\/2025\/10\/style.webp\" class=\"attachment-full size-full\" alt=\"Bianchi Gaia\" srcset=\"https:\/\/cafelourenco.com.br\/wp-content\/uploads\/2025\/10\/style.webp 1000w, https:\/\/cafelourenco.com.br\/wp-content\/uploads\/2025\/10\/style-300x300.webp 300w, https:\/\/cafelourenco.com.br\/wp-content\/uploads\/2025\/10\/style-150x150.webp 150w, https:\/\/cafelourenco.com.br\/wp-content\/uploads\/2025\/10\/style-768x768.webp 768w, https:\/\/cafelourenco.com.br\/wp-content\/uploads\/2025\/10\/style-600x600.webp 600w, https:\/\/cafelourenco.com.br\/wp-content\/uploads\/2025\/10\/style-100x100.webp 100w, https:\/\/cafelourenco.com.br\/wp-content\/uploads\/2025\/10\/style-64x64.webp 64w\" sizes=\"auto, (max-width: 1000px) 100vw, 1000px\" \/><\/div><div class=\"produto-rating\"><div class=\"star-rating\"><span class=\"fa fa-star filled\"><\/span><span class=\"fa fa-star filled\"><\/span><span class=\"fa fa-star filled\"><\/span><span class=\"fa fa-star filled\"><\/span><span class=\"fa fa-star filled\"><\/span><\/div><\/div><h2 class=\"product-title\">Bianchi Gaia<\/h2><div class=\"product-price\"><\/div><div class=\"btn_alugar price_off\">\n                <p>Entre em contato <br>para alugar<\/p>\n                <a href=\"https:\/\/api.whatsapp.com\/send\/?phone=5511995975810&amp;text=Ol\u00e1 vim atrav\u00e9s do site e gostaria de saber mais sobre a loca\u00e7\u00e3o desse produto: Bianchi Gaia\" target=\"_blank\" aria-label=\"Bot\u00e3o para alugar produto\" rel=\"nofollow noopener\"><i class=\"fa-brands fa-whatsapp\"><\/i> Alugar<\/a>\n            <\/div><\/div><\/div><div class=\"col-12\"><div class=\"product-item\"><div class=\"product-image\"><img loading=\"lazy\" decoding=\"async\" width=\"520\" height=\"1000\" src=\"https:\/\/cafelourenco.com.br\/wp-content\/uploads\/2025\/10\/F64-E-nero-opaco_520x1000-2.png\" class=\"attachment-full size-full\" alt=\"Moedor Fiorenzato F64 E PRO\" srcset=\"https:\/\/cafelourenco.com.br\/wp-content\/uploads\/2025\/10\/F64-E-nero-opaco_520x1000-2.png 520w, https:\/\/cafelourenco.com.br\/wp-content\/uploads\/2025\/10\/F64-E-nero-opaco_520x1000-2-156x300.png 156w, https:\/\/cafelourenco.com.br\/wp-content\/uploads\/2025\/10\/F64-E-nero-opaco_520x1000-2-64x123.png 64w\" sizes=\"auto, (max-width: 520px) 100vw, 520px\" \/><\/div><div class=\"produto-rating\"><div class=\"star-rating\"><span class=\"fa fa-star filled\"><\/span><span class=\"fa fa-star filled\"><\/span><span class=\"fa fa-star filled\"><\/span><span class=\"fa fa-star filled\"><\/span><span class=\"fa fa-star filled\"><\/span><\/div><\/div><h2 class=\"product-title\">Moedor Fiorenzato F64 E PRO<\/h2><div class=\"product-price\"><\/div><div class=\"btn_alugar price_off\">\n                <p>Entre em contato <br>para alugar<\/p>\n                <a href=\"https:\/\/api.whatsapp.com\/send\/?phone=5511995975810&amp;text=Ol\u00e1 vim atrav\u00e9s do site e gostaria de saber mais sobre a loca\u00e7\u00e3o desse produto: Moedor Fiorenzato F64 E PRO\" target=\"_blank\" aria-label=\"Bot\u00e3o para alugar produto\" rel=\"nofollow noopener\"><i class=\"fa-brands fa-whatsapp\"><\/i> Alugar<\/a>\n            <\/div><\/div><\/div><div class=\"col-12\"><div class=\"product-item\"><div class=\"product-image\"><img loading=\"lazy\" decoding=\"async\" width=\"1080\" height=\"1080\" src=\"https:\/\/cafelourenco.com.br\/wp-content\/uploads\/2025\/10\/Sem-Titulo-2.png\" class=\"attachment-full size-full\" alt=\"BL-100\" srcset=\"https:\/\/cafelourenco.com.br\/wp-content\/uploads\/2025\/10\/Sem-Titulo-2.png 1080w, https:\/\/cafelourenco.com.br\/wp-content\/uploads\/2025\/10\/Sem-Titulo-2-300x300.png 300w, https:\/\/cafelourenco.com.br\/wp-content\/uploads\/2025\/10\/Sem-Titulo-2-1024x1024.png 1024w, https:\/\/cafelourenco.com.br\/wp-content\/uploads\/2025\/10\/Sem-Titulo-2-150x150.png 150w, https:\/\/cafelourenco.com.br\/wp-content\/uploads\/2025\/10\/Sem-Titulo-2-768x768.png 768w, https:\/\/cafelourenco.com.br\/wp-content\/uploads\/2025\/10\/Sem-Titulo-2-600x600.png 600w, https:\/\/cafelourenco.com.br\/wp-content\/uploads\/2025\/10\/Sem-Titulo-2-100x100.png 100w, https:\/\/cafelourenco.com.br\/wp-content\/uploads\/2025\/10\/Sem-Titulo-2-64x64.png 64w\" sizes=\"auto, (max-width: 1080px) 100vw, 1080px\" \/><\/div><div class=\"produto-rating\"><div class=\"star-rating\"><span class=\"fa fa-star filled\"><\/span><span class=\"fa fa-star filled\"><\/span><span class=\"fa fa-star filled\"><\/span><span class=\"fa fa-star filled\"><\/span><span class=\"fa fa-star filled\"><\/span><\/div><\/div><h2 class=\"product-title\">BL-100<\/h2><div class=\"product-price\"><\/div><div class=\"btn_alugar price_off\">\n                <p>Entre em contato <br>para alugar<\/p>\n                <a href=\"https:\/\/api.whatsapp.com\/send\/?phone=5511995975810&amp;text=Ol\u00e1 vim atrav\u00e9s do site e gostaria de saber mais sobre a loca\u00e7\u00e3o desse produto: BL-100\" target=\"_blank\" aria-label=\"Bot\u00e3o para alugar produto\" rel=\"nofollow noopener\"><i class=\"fa-brands fa-whatsapp\"><\/i> Alugar<\/a>\n            <\/div><\/div><\/div><div class=\"col-12\"><div class=\"product-item\"><div class=\"product-image\"><img loading=\"lazy\" decoding=\"async\" width=\"720\" height=\"720\" src=\"https:\/\/cafelourenco.com.br\/wp-content\/uploads\/2025\/10\/compact-automatic-coffee-machine-for-officefb70d9ca-6bb4-4e56-8eda-14ea9dcfc186.webp\" class=\"attachment-full size-full\" alt=\"Jetinno JL22\" srcset=\"https:\/\/cafelourenco.com.br\/wp-content\/uploads\/2025\/10\/compact-automatic-coffee-machine-for-officefb70d9ca-6bb4-4e56-8eda-14ea9dcfc186.webp 720w, https:\/\/cafelourenco.com.br\/wp-content\/uploads\/2025\/10\/compact-automatic-coffee-machine-for-officefb70d9ca-6bb4-4e56-8eda-14ea9dcfc186-300x300.webp 300w, https:\/\/cafelourenco.com.br\/wp-content\/uploads\/2025\/10\/compact-automatic-coffee-machine-for-officefb70d9ca-6bb4-4e56-8eda-14ea9dcfc186-150x150.webp 150w, https:\/\/cafelourenco.com.br\/wp-content\/uploads\/2025\/10\/compact-automatic-coffee-machine-for-officefb70d9ca-6bb4-4e56-8eda-14ea9dcfc186-600x600.webp 600w, https:\/\/cafelourenco.com.br\/wp-content\/uploads\/2025\/10\/compact-automatic-coffee-machine-for-officefb70d9ca-6bb4-4e56-8eda-14ea9dcfc186-100x100.webp 100w, https:\/\/cafelourenco.com.br\/wp-content\/uploads\/2025\/10\/compact-automatic-coffee-machine-for-officefb70d9ca-6bb4-4e56-8eda-14ea9dcfc186-64x64.webp 64w\" sizes=\"auto, (max-width: 720px) 100vw, 720px\" \/><\/div><div class=\"produto-rating\"><div class=\"star-rating\"><span class=\"fa fa-star filled\"><\/span><span class=\"fa fa-star filled\"><\/span><span class=\"fa fa-star filled\"><\/span><span class=\"fa fa-star filled\"><\/span><span class=\"fa fa-star filled\"><\/span><\/div><\/div><h2 class=\"product-title\">Jetinno JL22<\/h2><div class=\"product-price\"><span class=\"woocommerce-Price-amount amount\"><bdi><span class=\"woocommerce-Price-currencySymbol\">&#82;&#36;<\/span>&nbsp;21.990,00<\/bdi><\/span><\/div><div class=\"installments\">ou 4x de <span class=\"woocommerce-Price-amount amount\"><bdi><span class=\"woocommerce-Price-currencySymbol\">&#82;&#36;<\/span>&nbsp;5.497,50<\/bdi><\/span> sem juros<\/div><div class=\"buy-button\"><a href=\"https:\/\/cafelourenco.com.br\/produto\/jetinno-jl22\/\" class=\"button\">Comprar!<\/a><\/div><\/div><\/div><div class=\"col-12\"><div class=\"product-item\"><div class=\"product-image\"><img loading=\"lazy\" decoding=\"async\" width=\"1200\" height=\"1600\" src=\"https:\/\/cafelourenco.com.br\/wp-content\/uploads\/2025\/05\/Chocolate-Lourenco-1.png\" class=\"attachment-full size-full\" alt=\"1 KG CHOCOLATE LOUREN\u00c7O\" srcset=\"https:\/\/cafelourenco.com.br\/wp-content\/uploads\/2025\/05\/Chocolate-Lourenco-1.png 1200w, https:\/\/cafelourenco.com.br\/wp-content\/uploads\/2025\/05\/Chocolate-Lourenco-1-225x300.png 225w, https:\/\/cafelourenco.com.br\/wp-content\/uploads\/2025\/05\/Chocolate-Lourenco-1-768x1024.png 768w, https:\/\/cafelourenco.com.br\/wp-content\/uploads\/2025\/05\/Chocolate-Lourenco-1-1152x1536.png 1152w, https:\/\/cafelourenco.com.br\/wp-content\/uploads\/2025\/05\/Chocolate-Lourenco-1-600x800.png 600w, https:\/\/cafelourenco.com.br\/wp-content\/uploads\/2025\/05\/Chocolate-Lourenco-1-64x85.png 64w\" sizes=\"auto, (max-width: 1200px) 100vw, 1200px\" \/><\/div><div class=\"produto-rating\"><div class=\"star-rating\"><span class=\"fa fa-star filled\"><\/span><span class=\"fa fa-star filled\"><\/span><span class=\"fa fa-star filled\"><\/span><span class=\"fa fa-star filled\"><\/span><span class=\"fa fa-star filled\"><\/span><\/div><\/div><h2 class=\"product-title\">1 KG CHOCOLATE LOUREN\u00c7O<\/h2><div class=\"product-price\"><span class=\"woocommerce-Price-amount amount\"><bdi><span class=\"woocommerce-Price-currencySymbol\">&#82;&#36;<\/span>&nbsp;58,80<\/bdi><\/span><\/div><div class=\"installments\">ou 4x de <span class=\"woocommerce-Price-amount amount\"><bdi><span class=\"woocommerce-Price-currencySymbol\">&#82;&#36;<\/span>&nbsp;14,70<\/bdi><\/span> sem juros<\/div><div class=\"buy-button\"><a href=\"https:\/\/cafelourenco.com.br\/produto\/1-kg-chocolate-lourenco\/\" class=\"button\">Comprar!<\/a><\/div><\/div><\/div><div class=\"col-12\"><div class=\"product-item\"><div class=\"product-image\"><img loading=\"lazy\" decoding=\"async\" width=\"1200\" height=\"1600\" src=\"https:\/\/cafelourenco.com.br\/wp-content\/uploads\/2025\/05\/Cafe-Lourenco-Torrado-e-Moido.png\" class=\"attachment-full size-full\" alt=\"1 PCT CAF\u00c9 LOREN\u00c7O EM P\u00d3 250 GRAMAS\" srcset=\"https:\/\/cafelourenco.com.br\/wp-content\/uploads\/2025\/05\/Cafe-Lourenco-Torrado-e-Moido.png 1200w, https:\/\/cafelourenco.com.br\/wp-content\/uploads\/2025\/05\/Cafe-Lourenco-Torrado-e-Moido-225x300.png 225w, https:\/\/cafelourenco.com.br\/wp-content\/uploads\/2025\/05\/Cafe-Lourenco-Torrado-e-Moido-768x1024.png 768w, https:\/\/cafelourenco.com.br\/wp-content\/uploads\/2025\/05\/Cafe-Lourenco-Torrado-e-Moido-1152x1536.png 1152w, https:\/\/cafelourenco.com.br\/wp-content\/uploads\/2025\/05\/Cafe-Lourenco-Torrado-e-Moido-600x800.png 600w, https:\/\/cafelourenco.com.br\/wp-content\/uploads\/2025\/05\/Cafe-Lourenco-Torrado-e-Moido-64x85.png 64w\" sizes=\"auto, (max-width: 1200px) 100vw, 1200px\" \/><\/div><div class=\"produto-rating\"><div class=\"star-rating\"><span class=\"fa fa-star filled\"><\/span><span class=\"fa fa-star filled\"><\/span><span class=\"fa fa-star filled\"><\/span><span class=\"fa fa-star filled\"><\/span><span class=\"fa fa-star filled\"><\/span><\/div><\/div><h2 class=\"product-title\">1 PCT CAF\u00c9 LOREN\u00c7O EM P\u00d3 250 GRAMAS<\/h2><div class=\"product-price\"><span class=\"woocommerce-Price-amount amount\"><bdi><span class=\"woocommerce-Price-currencySymbol\">&#82;&#36;<\/span>&nbsp;17,47<\/bdi><\/span><\/div><div class=\"installments\">ou 4x de <span class=\"woocommerce-Price-amount amount\"><bdi><span class=\"woocommerce-Price-currencySymbol\">&#82;&#36;<\/span>&nbsp;4,37<\/bdi><\/span> sem juros<\/div><div class=\"buy-button\"><a href=\"https:\/\/cafelourenco.com.br\/produto\/1-pct-cafe-lorenco-em-po-250-gramas\/\" class=\"button\">Comprar!<\/a><\/div><\/div><\/div><div class=\"col-12\"><div class=\"product-item\"><div class=\"product-image\"><img loading=\"lazy\" decoding=\"async\" width=\"1200\" height=\"1600\" src=\"https:\/\/cafelourenco.com.br\/wp-content\/uploads\/2025\/05\/Bianco-Premium-Qualimax.png\" class=\"attachment-full size-full\" alt=\"1 PCT LEITE QUALIMAX S\/ A\u00c7\u00daCAR 500 GRAMAS\" srcset=\"https:\/\/cafelourenco.com.br\/wp-content\/uploads\/2025\/05\/Bianco-Premium-Qualimax.png 1200w, https:\/\/cafelourenco.com.br\/wp-content\/uploads\/2025\/05\/Bianco-Premium-Qualimax-225x300.png 225w, https:\/\/cafelourenco.com.br\/wp-content\/uploads\/2025\/05\/Bianco-Premium-Qualimax-768x1024.png 768w, https:\/\/cafelourenco.com.br\/wp-content\/uploads\/2025\/05\/Bianco-Premium-Qualimax-1152x1536.png 1152w, https:\/\/cafelourenco.com.br\/wp-content\/uploads\/2025\/05\/Bianco-Premium-Qualimax-600x800.png 600w, https:\/\/cafelourenco.com.br\/wp-content\/uploads\/2025\/05\/Bianco-Premium-Qualimax-64x85.png 64w\" sizes=\"auto, (max-width: 1200px) 100vw, 1200px\" \/><\/div><div class=\"produto-rating\"><div class=\"star-rating\"><span class=\"fa fa-star filled\"><\/span><span class=\"fa fa-star filled\"><\/span><span class=\"fa fa-star filled\"><\/span><span class=\"fa fa-star filled\"><\/span><span class=\"fa fa-star filled\"><\/span><\/div><\/div><h2 class=\"product-title\">1 PCT LEITE QUALIMAX S\/ A\u00c7\u00daCAR 500 GRAMAS<\/h2><div class=\"product-price\"><span class=\"woocommerce-Price-amount amount\"><bdi><span class=\"woocommerce-Price-currencySymbol\">&#82;&#36;<\/span>&nbsp;38,50<\/bdi><\/span><\/div><div class=\"installments\">ou 4x de <span class=\"woocommerce-Price-amount amount\"><bdi><span class=\"woocommerce-Price-currencySymbol\">&#82;&#36;<\/span>&nbsp;9,63<\/bdi><\/span> sem juros<\/div><div class=\"buy-button\"><a href=\"https:\/\/cafelourenco.com.br\/produto\/1-pct-leite-qualimax-s-acucar-500-gramas\/\" class=\"button\">Comprar!<\/a><\/div><\/div><\/div><div class=\"col-12\"><div class=\"product-item\"><div class=\"product-image\"><img loading=\"lazy\" decoding=\"async\" width=\"1200\" height=\"1600\" src=\"https:\/\/cafelourenco.com.br\/wp-content\/uploads\/2025\/05\/Bianco-Qualimax.png\" class=\"attachment-full size-full\" alt=\"1 PCT LEITE QUALIMAX C\/ A\u00c7\u00daCAR 500 GRAMAS\" srcset=\"https:\/\/cafelourenco.com.br\/wp-content\/uploads\/2025\/05\/Bianco-Qualimax.png 1200w, https:\/\/cafelourenco.com.br\/wp-content\/uploads\/2025\/05\/Bianco-Qualimax-225x300.png 225w, https:\/\/cafelourenco.com.br\/wp-content\/uploads\/2025\/05\/Bianco-Qualimax-768x1024.png 768w, https:\/\/cafelourenco.com.br\/wp-content\/uploads\/2025\/05\/Bianco-Qualimax-1152x1536.png 1152w, https:\/\/cafelourenco.com.br\/wp-content\/uploads\/2025\/05\/Bianco-Qualimax-600x800.png 600w, https:\/\/cafelourenco.com.br\/wp-content\/uploads\/2025\/05\/Bianco-Qualimax-64x85.png 64w\" sizes=\"auto, (max-width: 1200px) 100vw, 1200px\" \/><\/div><div class=\"produto-rating\"><div class=\"star-rating\"><span class=\"fa fa-star filled\"><\/span><span class=\"fa fa-star filled\"><\/span><span class=\"fa fa-star filled\"><\/span><span class=\"fa fa-star filled\"><\/span><span class=\"fa fa-star filled\"><\/span><\/div><\/div><h2 class=\"product-title\">1 PCT LEITE QUALIMAX C\/ A\u00c7\u00daCAR 500 GRAMAS<\/h2><div class=\"product-price\"><span class=\"woocommerce-Price-amount amount\"><bdi><span class=\"woocommerce-Price-currencySymbol\">&#82;&#36;<\/span>&nbsp;34,00<\/bdi><\/span><\/div><div class=\"installments\">ou 4x de <span class=\"woocommerce-Price-amount amount\"><bdi><span class=\"woocommerce-Price-currencySymbol\">&#82;&#36;<\/span>&nbsp;8,50<\/bdi><\/span> sem juros<\/div><div class=\"buy-button\"><a href=\"https:\/\/cafelourenco.com.br\/produto\/1-pct-leite-qualimax-c-acucar-500-gramas\/\" class=\"button\">Comprar!<\/a><\/div><\/div><\/div><div class=\"col-12\"><div class=\"product-item\"><div class=\"product-image\"><img loading=\"lazy\" decoding=\"async\" width=\"1200\" height=\"1600\" src=\"https:\/\/cafelourenco.com.br\/wp-content\/uploads\/2025\/05\/Venditi.png\" class=\"attachment-full size-full\" alt=\"1 KG CHOCOLATE VENDIN\" srcset=\"https:\/\/cafelourenco.com.br\/wp-content\/uploads\/2025\/05\/Venditi.png 1200w, https:\/\/cafelourenco.com.br\/wp-content\/uploads\/2025\/05\/Venditi-225x300.png 225w, https:\/\/cafelourenco.com.br\/wp-content\/uploads\/2025\/05\/Venditi-768x1024.png 768w, https:\/\/cafelourenco.com.br\/wp-content\/uploads\/2025\/05\/Venditi-1152x1536.png 1152w, https:\/\/cafelourenco.com.br\/wp-content\/uploads\/2025\/05\/Venditi-600x800.png 600w, https:\/\/cafelourenco.com.br\/wp-content\/uploads\/2025\/05\/Venditi-64x85.png 64w\" sizes=\"auto, (max-width: 1200px) 100vw, 1200px\" \/><\/div><div class=\"produto-rating\"><div class=\"star-rating\"><span class=\"fa fa-star filled\"><\/span><span class=\"fa fa-star filled\"><\/span><span class=\"fa fa-star filled\"><\/span><span class=\"fa fa-star filled\"><\/span><span class=\"fa fa-star filled\"><\/span><\/div><\/div><h2 class=\"product-title\">1 KG CHOCOLATE VENDIN<\/h2><div class=\"product-price\"><span class=\"woocommerce-Price-amount amount\"><bdi><span class=\"woocommerce-Price-currencySymbol\">&#82;&#36;<\/span>&nbsp;67,80<\/bdi><\/span><\/div><div class=\"installments\">ou 4x de <span class=\"woocommerce-Price-amount amount\"><bdi><span class=\"woocommerce-Price-currencySymbol\">&#82;&#36;<\/span>&nbsp;16,95<\/bdi><\/span> sem juros<\/div><div class=\"buy-button\"><a href=\"https:\/\/cafelourenco.com.br\/produto\/1-kg-chocolate-vendin\/\" class=\"button\">Comprar!<\/a><\/div><\/div><\/div><div class=\"col-12\"><div class=\"product-item\"><div class=\"product-image\"><img loading=\"lazy\" decoding=\"async\" width=\"1200\" height=\"1600\" src=\"https:\/\/cafelourenco.com.br\/wp-content\/uploads\/2025\/05\/America-Cappucino.png\" class=\"attachment-full size-full\" alt=\"1 KG CAPPUCCINO AMERICA S\/ A\u00c7\u00daCAR\" srcset=\"https:\/\/cafelourenco.com.br\/wp-content\/uploads\/2025\/05\/America-Cappucino.png 1200w, https:\/\/cafelourenco.com.br\/wp-content\/uploads\/2025\/05\/America-Cappucino-225x300.png 225w, https:\/\/cafelourenco.com.br\/wp-content\/uploads\/2025\/05\/America-Cappucino-768x1024.png 768w, https:\/\/cafelourenco.com.br\/wp-content\/uploads\/2025\/05\/America-Cappucino-1152x1536.png 1152w, https:\/\/cafelourenco.com.br\/wp-content\/uploads\/2025\/05\/America-Cappucino-600x800.png 600w, https:\/\/cafelourenco.com.br\/wp-content\/uploads\/2025\/05\/America-Cappucino-64x85.png 64w\" sizes=\"auto, (max-width: 1200px) 100vw, 1200px\" \/><\/div><div class=\"produto-rating\"><div class=\"star-rating\"><span class=\"fa fa-star filled\"><\/span><span class=\"fa fa-star filled\"><\/span><span class=\"fa fa-star filled\"><\/span><span class=\"fa fa-star filled\"><\/span><span class=\"fa fa-star filled\"><\/span><\/div><\/div><h2 class=\"product-title\">1 KG CAPPUCCINO AMERICA S\/ A\u00c7\u00daCAR<\/h2><div class=\"product-price\"><span class=\"woocommerce-Price-amount amount\"><bdi><span class=\"woocommerce-Price-currencySymbol\">&#82;&#36;<\/span>&nbsp;79,00<\/bdi><\/span><\/div><div class=\"installments\">ou 4x de <span class=\"woocommerce-Price-amount amount\"><bdi><span class=\"woocommerce-Price-currencySymbol\">&#82;&#36;<\/span>&nbsp;19,75<\/bdi><\/span> sem juros<\/div><div class=\"buy-button\"><a href=\"https:\/\/cafelourenco.com.br\/produto\/1-kg-cappuccino-america-s-acucar\/\" class=\"button\">Comprar!<\/a><\/div><\/div><\/div><div class=\"col-12\"><div class=\"product-item\"><div class=\"product-image\"><img loading=\"lazy\" decoding=\"async\" width=\"1200\" height=\"1600\" src=\"https:\/\/cafelourenco.com.br\/wp-content\/uploads\/2025\/05\/Cha-Mate-Limao-Qualimax.png\" class=\"attachment-full size-full\" alt=\"1 KG CH\u00c1 MATE LIM\u00c3O\" srcset=\"https:\/\/cafelourenco.com.br\/wp-content\/uploads\/2025\/05\/Cha-Mate-Limao-Qualimax.png 1200w, https:\/\/cafelourenco.com.br\/wp-content\/uploads\/2025\/05\/Cha-Mate-Limao-Qualimax-225x300.png 225w, https:\/\/cafelourenco.com.br\/wp-content\/uploads\/2025\/05\/Cha-Mate-Limao-Qualimax-768x1024.png 768w, https:\/\/cafelourenco.com.br\/wp-content\/uploads\/2025\/05\/Cha-Mate-Limao-Qualimax-1152x1536.png 1152w, https:\/\/cafelourenco.com.br\/wp-content\/uploads\/2025\/05\/Cha-Mate-Limao-Qualimax-600x800.png 600w, https:\/\/cafelourenco.com.br\/wp-content\/uploads\/2025\/05\/Cha-Mate-Limao-Qualimax-64x85.png 64w\" sizes=\"auto, (max-width: 1200px) 100vw, 1200px\" \/><\/div><div class=\"produto-rating\"><div class=\"star-rating\"><span class=\"fa fa-star filled\"><\/span><span class=\"fa fa-star filled\"><\/span><span class=\"fa fa-star filled\"><\/span><span class=\"fa fa-star filled\"><\/span><span class=\"fa fa-star filled\"><\/span><\/div><\/div><h2 class=\"product-title\">1 KG CH\u00c1 MATE LIM\u00c3O<\/h2><div class=\"product-price\"><span class=\"woocommerce-Price-amount amount\"><bdi><span class=\"woocommerce-Price-currencySymbol\">&#82;&#36;<\/span>&nbsp;47,00<\/bdi><\/span><\/div><div class=\"installments\">ou 4x de <span class=\"woocommerce-Price-amount amount\"><bdi><span class=\"woocommerce-Price-currencySymbol\">&#82;&#36;<\/span>&nbsp;11,75<\/bdi><\/span> sem juros<\/div><div class=\"buy-button\"><a href=\"https:\/\/cafelourenco.com.br\/produto\/1-kg-cha-mate-limao\/\" class=\"button\">Comprar!<\/a><\/div><\/div><\/div><div class=\"col-12\"><div class=\"product-item\"><div class=\"product-image\"><img loading=\"lazy\" decoding=\"async\" width=\"1200\" height=\"1600\" src=\"https:\/\/cafelourenco.com.br\/wp-content\/uploads\/2025\/05\/Mexedor.png\" class=\"attachment-full size-full\" alt=\"1 PCT MEXEDOR COMUM C\/ 500\" srcset=\"https:\/\/cafelourenco.com.br\/wp-content\/uploads\/2025\/05\/Mexedor.png 1200w, https:\/\/cafelourenco.com.br\/wp-content\/uploads\/2025\/05\/Mexedor-225x300.png 225w, https:\/\/cafelourenco.com.br\/wp-content\/uploads\/2025\/05\/Mexedor-768x1024.png 768w, https:\/\/cafelourenco.com.br\/wp-content\/uploads\/2025\/05\/Mexedor-1152x1536.png 1152w, https:\/\/cafelourenco.com.br\/wp-content\/uploads\/2025\/05\/Mexedor-600x800.png 600w, https:\/\/cafelourenco.com.br\/wp-content\/uploads\/2025\/05\/Mexedor-64x85.png 64w\" sizes=\"auto, (max-width: 1200px) 100vw, 1200px\" \/><\/div><div class=\"produto-rating\"><div class=\"star-rating\"><span class=\"fa fa-star filled\"><\/span><span class=\"fa fa-star filled\"><\/span><span class=\"fa fa-star filled\"><\/span><span class=\"fa fa-star filled\"><\/span><span class=\"fa fa-star filled\"><\/span><\/div><\/div><h2 class=\"product-title\">1 PCT MEXEDOR COMUM C\/ 500<\/h2><div class=\"product-price\"><span class=\"woocommerce-Price-amount amount\"><bdi><span class=\"woocommerce-Price-currencySymbol\">&#82;&#36;<\/span>&nbsp;13,50<\/bdi><\/span><\/div><div class=\"installments\">ou 4x de <span class=\"woocommerce-Price-amount amount\"><bdi><span class=\"woocommerce-Price-currencySymbol\">&#82;&#36;<\/span>&nbsp;3,38<\/bdi><\/span> sem juros<\/div><div class=\"buy-button\"><a href=\"https:\/\/cafelourenco.com.br\/produto\/1-pct-mexedor-comum-c-500\/\" class=\"button\">Comprar!<\/a><\/div><\/div><\/div><div class=\"col-12\"><div class=\"product-item\"><div class=\"product-image\"><img loading=\"lazy\" decoding=\"async\" width=\"1200\" height=\"1600\" src=\"https:\/\/cafelourenco.com.br\/wp-content\/uploads\/2025\/05\/Cafe-Lourenco-Espresso-Puro.png\" class=\"attachment-full size-full\" alt=\"1 KG CAF\u00c9 ESPRESSO LOUREN\u00c7O\" srcset=\"https:\/\/cafelourenco.com.br\/wp-content\/uploads\/2025\/05\/Cafe-Lourenco-Espresso-Puro.png 1200w, https:\/\/cafelourenco.com.br\/wp-content\/uploads\/2025\/05\/Cafe-Lourenco-Espresso-Puro-225x300.png 225w, https:\/\/cafelourenco.com.br\/wp-content\/uploads\/2025\/05\/Cafe-Lourenco-Espresso-Puro-768x1024.png 768w, https:\/\/cafelourenco.com.br\/wp-content\/uploads\/2025\/05\/Cafe-Lourenco-Espresso-Puro-1152x1536.png 1152w, https:\/\/cafelourenco.com.br\/wp-content\/uploads\/2025\/05\/Cafe-Lourenco-Espresso-Puro-600x800.png 600w, https:\/\/cafelourenco.com.br\/wp-content\/uploads\/2025\/05\/Cafe-Lourenco-Espresso-Puro-64x85.png 64w\" sizes=\"auto, (max-width: 1200px) 100vw, 1200px\" \/><\/div><div class=\"produto-rating\"><div class=\"star-rating\"><span class=\"fa fa-star filled\"><\/span><span class=\"fa fa-star filled\"><\/span><span class=\"fa fa-star filled\"><\/span><span class=\"fa fa-star filled\"><\/span><span class=\"fa fa-star filled\"><\/span><\/div><\/div><h2 class=\"product-title\">1 KG CAF\u00c9 ESPRESSO LOUREN\u00c7O<\/h2><div class=\"product-price\"><span class=\"woocommerce-Price-amount amount\"><bdi><span class=\"woocommerce-Price-currencySymbol\">&#82;&#36;<\/span>&nbsp;112,00<\/bdi><\/span><\/div><div class=\"installments\">ou 4x de <span class=\"woocommerce-Price-amount amount\"><bdi><span class=\"woocommerce-Price-currencySymbol\">&#82;&#36;<\/span>&nbsp;28,00<\/bdi><\/span> sem juros<\/div><div class=\"buy-button\"><a href=\"https:\/\/cafelourenco.com.br\/produto\/1-kg-cafe-espresso-lourenco\/\" class=\"button\">Comprar!<\/a><\/div><\/div><\/div><div class=\"col-12\"><div class=\"product-item\"><div class=\"product-image\"><img loading=\"lazy\" decoding=\"async\" width=\"1200\" height=\"1600\" src=\"https:\/\/cafelourenco.com.br\/wp-content\/uploads\/2025\/05\/Acucar-Cristal.png\" class=\"attachment-full size-full\" alt=\"1 KG A\u00c7\u00daCAR CRISTAL\" srcset=\"https:\/\/cafelourenco.com.br\/wp-content\/uploads\/2025\/05\/Acucar-Cristal.png 1200w, https:\/\/cafelourenco.com.br\/wp-content\/uploads\/2025\/05\/Acucar-Cristal-225x300.png 225w, https:\/\/cafelourenco.com.br\/wp-content\/uploads\/2025\/05\/Acucar-Cristal-768x1024.png 768w, https:\/\/cafelourenco.com.br\/wp-content\/uploads\/2025\/05\/Acucar-Cristal-1152x1536.png 1152w, https:\/\/cafelourenco.com.br\/wp-content\/uploads\/2025\/05\/Acucar-Cristal-600x800.png 600w, https:\/\/cafelourenco.com.br\/wp-content\/uploads\/2025\/05\/Acucar-Cristal-64x85.png 64w\" sizes=\"auto, (max-width: 1200px) 100vw, 1200px\" \/><\/div><div class=\"produto-rating\"><div class=\"star-rating\"><span class=\"fa fa-star filled\"><\/span><span class=\"fa fa-star filled\"><\/span><span class=\"fa fa-star filled\"><\/span><span class=\"fa fa-star filled\"><\/span><span class=\"fa fa-star filled\"><\/span><\/div><\/div><h2 class=\"product-title\">1 KG A\u00c7\u00daCAR CRISTAL<\/h2><div class=\"product-price\"><span class=\"woocommerce-Price-amount amount\"><bdi><span class=\"woocommerce-Price-currencySymbol\">&#82;&#36;<\/span>&nbsp;8,50<\/bdi><\/span><\/div><div class=\"installments\">ou 4x de <span class=\"woocommerce-Price-amount amount\"><bdi><span class=\"woocommerce-Price-currencySymbol\">&#82;&#36;<\/span>&nbsp;2,13<\/bdi><\/span> sem juros<\/div><div class=\"buy-button\"><a href=\"https:\/\/cafelourenco.com.br\/produto\/1-kg-acucar-cristal\/\" class=\"button\">Comprar!<\/a><\/div><\/div><\/div><div class=\"col-12\"><div class=\"product-item\"><div class=\"product-image\"><img loading=\"lazy\" decoding=\"async\" width=\"1200\" height=\"1600\" src=\"https:\/\/cafelourenco.com.br\/wp-content\/uploads\/2025\/05\/America-Chocolate.png\" class=\"attachment-full size-full\" alt=\"1 KG CHOCOLATE AMERICA S\/ A\u00c7\u00daCAR\" srcset=\"https:\/\/cafelourenco.com.br\/wp-content\/uploads\/2025\/05\/America-Chocolate.png 1200w, https:\/\/cafelourenco.com.br\/wp-content\/uploads\/2025\/05\/America-Chocolate-225x300.png 225w, https:\/\/cafelourenco.com.br\/wp-content\/uploads\/2025\/05\/America-Chocolate-768x1024.png 768w, https:\/\/cafelourenco.com.br\/wp-content\/uploads\/2025\/05\/America-Chocolate-1152x1536.png 1152w, https:\/\/cafelourenco.com.br\/wp-content\/uploads\/2025\/05\/America-Chocolate-600x800.png 600w, https:\/\/cafelourenco.com.br\/wp-content\/uploads\/2025\/05\/America-Chocolate-64x85.png 64w\" sizes=\"auto, (max-width: 1200px) 100vw, 1200px\" \/><\/div><div class=\"produto-rating\"><div class=\"star-rating\"><span class=\"fa fa-star filled\"><\/span><span class=\"fa fa-star filled\"><\/span><span class=\"fa fa-star filled\"><\/span><span class=\"fa fa-star filled\"><\/span><span class=\"fa fa-star filled\"><\/span><\/div><\/div><h2 class=\"product-title\">1 KG CHOCOLATE AMERICA S\/ A\u00c7\u00daCAR<\/h2><div class=\"product-price\"><span class=\"woocommerce-Price-amount amount\"><bdi><span class=\"woocommerce-Price-currencySymbol\">&#82;&#36;<\/span>&nbsp;73,00<\/bdi><\/span><\/div><div class=\"installments\">ou 4x de <span class=\"woocommerce-Price-amount amount\"><bdi><span class=\"woocommerce-Price-currencySymbol\">&#82;&#36;<\/span>&nbsp;18,25<\/bdi><\/span> sem juros<\/div><div class=\"buy-button\"><a href=\"https:\/\/cafelourenco.com.br\/produto\/1-kg-chocolate-america-s-acucar\/\" class=\"button\">Comprar!<\/a><\/div><\/div><\/div><div class=\"col-12\"><div class=\"product-item\"><div class=\"product-image\"><img loading=\"lazy\" decoding=\"async\" width=\"1200\" height=\"1600\" src=\"https:\/\/cafelourenco.com.br\/wp-content\/uploads\/2025\/05\/Bevalatte.png\" class=\"attachment-full size-full\" alt=\"1 KG LEITE BEVAN\" srcset=\"https:\/\/cafelourenco.com.br\/wp-content\/uploads\/2025\/05\/Bevalatte.png 1200w, https:\/\/cafelourenco.com.br\/wp-content\/uploads\/2025\/05\/Bevalatte-225x300.png 225w, https:\/\/cafelourenco.com.br\/wp-content\/uploads\/2025\/05\/Bevalatte-768x1024.png 768w, https:\/\/cafelourenco.com.br\/wp-content\/uploads\/2025\/05\/Bevalatte-1152x1536.png 1152w, https:\/\/cafelourenco.com.br\/wp-content\/uploads\/2025\/05\/Bevalatte-600x800.png 600w, https:\/\/cafelourenco.com.br\/wp-content\/uploads\/2025\/05\/Bevalatte-64x85.png 64w\" sizes=\"auto, (max-width: 1200px) 100vw, 1200px\" \/><\/div><div class=\"produto-rating\"><div class=\"star-rating\"><span class=\"fa fa-star filled\"><\/span><span class=\"fa fa-star filled\"><\/span><span class=\"fa fa-star filled\"><\/span><span class=\"fa fa-star filled\"><\/span><span class=\"fa fa-star filled\"><\/span><\/div><\/div><h2 class=\"product-title\">1 KG LEITE BEVAN<\/h2><div class=\"product-price\"><span class=\"woocommerce-Price-amount amount\"><bdi><span class=\"woocommerce-Price-currencySymbol\">&#82;&#36;<\/span>&nbsp;57,70<\/bdi><\/span><\/div><div class=\"installments\">ou 4x de <span class=\"woocommerce-Price-amount amount\"><bdi><span class=\"woocommerce-Price-currencySymbol\">&#82;&#36;<\/span>&nbsp;14,43<\/bdi><\/span> sem juros<\/div><div class=\"buy-button\"><a href=\"https:\/\/cafelourenco.com.br\/produto\/1-kg-leite-bevan\/\" class=\"button\">Comprar!<\/a><\/div><\/div><\/div><div class=\"col-12\"><div class=\"product-item\"><div class=\"product-image\"><img loading=\"lazy\" decoding=\"async\" width=\"1200\" height=\"1600\" src=\"https:\/\/cafelourenco.com.br\/wp-content\/uploads\/2025\/05\/Copo-Transparente.png\" class=\"attachment-full size-full\" alt=\"1 TIRA DE COPO CRISTA COM 100 UNID\" srcset=\"https:\/\/cafelourenco.com.br\/wp-content\/uploads\/2025\/05\/Copo-Transparente.png 1200w, https:\/\/cafelourenco.com.br\/wp-content\/uploads\/2025\/05\/Copo-Transparente-225x300.png 225w, https:\/\/cafelourenco.com.br\/wp-content\/uploads\/2025\/05\/Copo-Transparente-768x1024.png 768w, https:\/\/cafelourenco.com.br\/wp-content\/uploads\/2025\/05\/Copo-Transparente-1152x1536.png 1152w, https:\/\/cafelourenco.com.br\/wp-content\/uploads\/2025\/05\/Copo-Transparente-600x800.png 600w, https:\/\/cafelourenco.com.br\/wp-content\/uploads\/2025\/05\/Copo-Transparente-64x85.png 64w\" sizes=\"auto, (max-width: 1200px) 100vw, 1200px\" \/><\/div><div class=\"produto-rating\"><div class=\"star-rating\"><span class=\"fa fa-star filled\"><\/span><span class=\"fa fa-star filled\"><\/span><span class=\"fa fa-star filled\"><\/span><span class=\"fa fa-star filled\"><\/span><span class=\"fa fa-star filled\"><\/span><\/div><\/div><h2 class=\"product-title\">1 TIRA DE COPO CRISTA COM 100 UNID<\/h2><div class=\"product-price\"><span class=\"woocommerce-Price-amount amount\"><bdi><span class=\"woocommerce-Price-currencySymbol\">&#82;&#36;<\/span>&nbsp;27,00<\/bdi><\/span><\/div><div class=\"installments\">ou 4x de <span class=\"woocommerce-Price-amount amount\"><bdi><span class=\"woocommerce-Price-currencySymbol\">&#82;&#36;<\/span>&nbsp;6,75<\/bdi><\/span> sem juros<\/div><div class=\"buy-button\"><a href=\"https:\/\/cafelourenco.com.br\/produto\/1-tira-de-copo-crista-com-100-unid\/\" class=\"button\">Comprar!<\/a><\/div><\/div><\/div><div class=\"col-12\"><div class=\"product-item\"><div class=\"product-image\"><img loading=\"lazy\" decoding=\"async\" width=\"1200\" height=\"1600\" src=\"https:\/\/cafelourenco.com.br\/wp-content\/uploads\/2025\/05\/Acucar-com-400.png\" class=\"attachment-full size-full\" alt=\"1 CX A\u00c7\u00daCAR SACHES COM 400\" srcset=\"https:\/\/cafelourenco.com.br\/wp-content\/uploads\/2025\/05\/Acucar-com-400.png 1200w, https:\/\/cafelourenco.com.br\/wp-content\/uploads\/2025\/05\/Acucar-com-400-225x300.png 225w, https:\/\/cafelourenco.com.br\/wp-content\/uploads\/2025\/05\/Acucar-com-400-768x1024.png 768w, https:\/\/cafelourenco.com.br\/wp-content\/uploads\/2025\/05\/Acucar-com-400-1152x1536.png 1152w, https:\/\/cafelourenco.com.br\/wp-content\/uploads\/2025\/05\/Acucar-com-400-600x800.png 600w, https:\/\/cafelourenco.com.br\/wp-content\/uploads\/2025\/05\/Acucar-com-400-64x85.png 64w\" sizes=\"auto, (max-width: 1200px) 100vw, 1200px\" \/><\/div><div class=\"produto-rating\"><div class=\"star-rating\"><span class=\"fa fa-star filled\"><\/span><span class=\"fa fa-star filled\"><\/span><span class=\"fa fa-star filled\"><\/span><span class=\"fa fa-star filled\"><\/span><span class=\"fa fa-star filled\"><\/span><\/div><\/div><h2 class=\"product-title\">1 CX A\u00c7\u00daCAR SACHES COM 400<\/h2><div class=\"product-price\"><span class=\"woocommerce-Price-amount amount\"><bdi><span class=\"woocommerce-Price-currencySymbol\">&#82;&#36;<\/span>&nbsp;37,00<\/bdi><\/span><\/div><div class=\"installments\">ou 4x de <span class=\"woocommerce-Price-amount amount\"><bdi><span class=\"woocommerce-Price-currencySymbol\">&#82;&#36;<\/span>&nbsp;9,25<\/bdi><\/span> sem juros<\/div><div class=\"buy-button\"><a href=\"https:\/\/cafelourenco.com.br\/produto\/1-cx-acucar-saches-com-400\/\" class=\"button\">Comprar!<\/a><\/div><\/div><\/div><div class=\"col-12\"><div class=\"product-item\"><div class=\"product-image\"><img loading=\"lazy\" decoding=\"async\" width=\"1200\" height=\"1600\" src=\"https:\/\/cafelourenco.com.br\/wp-content\/uploads\/2025\/05\/Acucar-Cristal-Sache.png\" class=\"attachment-full size-full\" alt=\"1 CX A\u00c7\u00daCAR SACHES COM MIL\" srcset=\"https:\/\/cafelourenco.com.br\/wp-content\/uploads\/2025\/05\/Acucar-Cristal-Sache.png 1200w, https:\/\/cafelourenco.com.br\/wp-content\/uploads\/2025\/05\/Acucar-Cristal-Sache-225x300.png 225w, https:\/\/cafelourenco.com.br\/wp-content\/uploads\/2025\/05\/Acucar-Cristal-Sache-768x1024.png 768w, https:\/\/cafelourenco.com.br\/wp-content\/uploads\/2025\/05\/Acucar-Cristal-Sache-1152x1536.png 1152w, https:\/\/cafelourenco.com.br\/wp-content\/uploads\/2025\/05\/Acucar-Cristal-Sache-600x800.png 600w, https:\/\/cafelourenco.com.br\/wp-content\/uploads\/2025\/05\/Acucar-Cristal-Sache-64x85.png 64w\" sizes=\"auto, (max-width: 1200px) 100vw, 1200px\" \/><\/div><div class=\"produto-rating\"><div class=\"star-rating\"><span class=\"fa fa-star filled\"><\/span><span class=\"fa fa-star filled\"><\/span><span class=\"fa fa-star filled\"><\/span><span class=\"fa fa-star filled\"><\/span><span class=\"fa fa-star filled\"><\/span><\/div><\/div><h2 class=\"product-title\">1 CX A\u00c7\u00daCAR SACHES COM MIL<\/h2><div class=\"product-price\"><span class=\"woocommerce-Price-amount amount\"><bdi><span class=\"woocommerce-Price-currencySymbol\">&#82;&#36;<\/span>&nbsp;72,00<\/bdi><\/span><\/div><div class=\"installments\">ou 4x de <span class=\"woocommerce-Price-amount amount\"><bdi><span class=\"woocommerce-Price-currencySymbol\">&#82;&#36;<\/span>&nbsp;18,00<\/bdi><\/span> sem juros<\/div><div class=\"buy-button\"><a href=\"https:\/\/cafelourenco.com.br\/produto\/1-cx-acucar-saches-com-mil\/\" class=\"button\">Comprar!<\/a><\/div><\/div><\/div><div class=\"col-12\"><div class=\"product-item\"><div class=\"product-image\"><img loading=\"lazy\" decoding=\"async\" width=\"1200\" height=\"1600\" src=\"https:\/\/cafelourenco.com.br\/wp-content\/uploads\/2025\/05\/Adocante-Sache.png\" class=\"attachment-full size-full\" alt=\"1 CX ADO\u00c7ANTE SACHES COM MIL\" srcset=\"https:\/\/cafelourenco.com.br\/wp-content\/uploads\/2025\/05\/Adocante-Sache.png 1200w, https:\/\/cafelourenco.com.br\/wp-content\/uploads\/2025\/05\/Adocante-Sache-225x300.png 225w, https:\/\/cafelourenco.com.br\/wp-content\/uploads\/2025\/05\/Adocante-Sache-768x1024.png 768w, https:\/\/cafelourenco.com.br\/wp-content\/uploads\/2025\/05\/Adocante-Sache-1152x1536.png 1152w, https:\/\/cafelourenco.com.br\/wp-content\/uploads\/2025\/05\/Adocante-Sache-600x800.png 600w, https:\/\/cafelourenco.com.br\/wp-content\/uploads\/2025\/05\/Adocante-Sache-64x85.png 64w\" sizes=\"auto, (max-width: 1200px) 100vw, 1200px\" \/><\/div><div class=\"produto-rating\"><div class=\"star-rating\"><span class=\"fa fa-star filled\"><\/span><span class=\"fa fa-star filled\"><\/span><span class=\"fa fa-star filled\"><\/span><span class=\"fa fa-star filled\"><\/span><span class=\"fa fa-star filled\"><\/span><\/div><\/div><h2 class=\"product-title\">1 CX ADO\u00c7ANTE SACHES COM MIL<\/h2><div class=\"product-price\"><span class=\"woocommerce-Price-amount amount\"><bdi><span class=\"woocommerce-Price-currencySymbol\">&#82;&#36;<\/span>&nbsp;69,00<\/bdi><\/span><\/div><div class=\"installments\">ou 4x de <span class=\"woocommerce-Price-amount amount\"><bdi><span class=\"woocommerce-Price-currencySymbol\">&#82;&#36;<\/span>&nbsp;17,25<\/bdi><\/span> sem juros<\/div><div class=\"buy-button\"><a href=\"https:\/\/cafelourenco.com.br\/produto\/1-cx-adocante-saches-com-mil\/\" class=\"button\">Comprar!<\/a><\/div><\/div><\/div><div class=\"col-12\"><div class=\"product-item\"><div class=\"product-image\"><img loading=\"lazy\" decoding=\"async\" width=\"1200\" height=\"1600\" src=\"https:\/\/cafelourenco.com.br\/wp-content\/uploads\/2025\/05\/Cappucino-Qualita.png\" class=\"attachment-full size-full\" alt=\"1 KG CAPPUCCINO AVEL\u00c3\" srcset=\"https:\/\/cafelourenco.com.br\/wp-content\/uploads\/2025\/05\/Cappucino-Qualita.png 1200w, https:\/\/cafelourenco.com.br\/wp-content\/uploads\/2025\/05\/Cappucino-Qualita-225x300.png 225w, https:\/\/cafelourenco.com.br\/wp-content\/uploads\/2025\/05\/Cappucino-Qualita-768x1024.png 768w, https:\/\/cafelourenco.com.br\/wp-content\/uploads\/2025\/05\/Cappucino-Qualita-1152x1536.png 1152w, https:\/\/cafelourenco.com.br\/wp-content\/uploads\/2025\/05\/Cappucino-Qualita-600x800.png 600w, https:\/\/cafelourenco.com.br\/wp-content\/uploads\/2025\/05\/Cappucino-Qualita-64x85.png 64w\" sizes=\"auto, (max-width: 1200px) 100vw, 1200px\" \/><\/div><div class=\"produto-rating\"><div class=\"star-rating\"><span class=\"fa fa-star filled\"><\/span><span class=\"fa fa-star filled\"><\/span><span class=\"fa fa-star filled\"><\/span><span class=\"fa fa-star filled\"><\/span><span class=\"fa fa-star filled\"><\/span><\/div><\/div><h2 class=\"product-title\">1 KG CAPPUCCINO AVEL\u00c3<\/h2><div class=\"product-price\"><span class=\"woocommerce-Price-amount amount\"><bdi><span class=\"woocommerce-Price-currencySymbol\">&#82;&#36;<\/span>&nbsp;73,00<\/bdi><\/span><\/div><div class=\"installments\">ou 4x de <span class=\"woocommerce-Price-amount amount\"><bdi><span class=\"woocommerce-Price-currencySymbol\">&#82;&#36;<\/span>&nbsp;18,25<\/bdi><\/span> sem juros<\/div><div class=\"buy-button\"><a href=\"https:\/\/cafelourenco.com.br\/produto\/1-kg-cappuccino-avela\/\" class=\"button\">Comprar!<\/a><\/div><\/div><\/div><div class=\"col-12\"><div class=\"product-item\"><div class=\"product-image\"><img loading=\"lazy\" decoding=\"async\" width=\"1200\" height=\"1600\" src=\"https:\/\/cafelourenco.com.br\/wp-content\/uploads\/2025\/05\/Cappucino-Lourenco-1.png\" class=\"attachment-full size-full\" alt=\"1 KG CAPPUCCINO CANELA\" srcset=\"https:\/\/cafelourenco.com.br\/wp-content\/uploads\/2025\/05\/Cappucino-Lourenco-1.png 1200w, https:\/\/cafelourenco.com.br\/wp-content\/uploads\/2025\/05\/Cappucino-Lourenco-1-225x300.png 225w, https:\/\/cafelourenco.com.br\/wp-content\/uploads\/2025\/05\/Cappucino-Lourenco-1-768x1024.png 768w, https:\/\/cafelourenco.com.br\/wp-content\/uploads\/2025\/05\/Cappucino-Lourenco-1-1152x1536.png 1152w, https:\/\/cafelourenco.com.br\/wp-content\/uploads\/2025\/05\/Cappucino-Lourenco-1-600x800.png 600w, https:\/\/cafelourenco.com.br\/wp-content\/uploads\/2025\/05\/Cappucino-Lourenco-1-64x85.png 64w\" sizes=\"auto, (max-width: 1200px) 100vw, 1200px\" \/><\/div><div class=\"produto-rating\"><div class=\"star-rating\"><span class=\"fa fa-star filled\"><\/span><span class=\"fa fa-star filled\"><\/span><span class=\"fa fa-star filled\"><\/span><span class=\"fa fa-star filled\"><\/span><span class=\"fa fa-star filled\"><\/span><\/div><\/div><h2 class=\"product-title\">1 KG CAPPUCCINO CANELA<\/h2><div class=\"product-price\"><span class=\"woocommerce-Price-amount amount\"><bdi><span class=\"woocommerce-Price-currencySymbol\">&#82;&#36;<\/span>&nbsp;79,00<\/bdi><\/span><\/div><div class=\"installments\">ou 4x de <span class=\"woocommerce-Price-amount amount\"><bdi><span class=\"woocommerce-Price-currencySymbol\">&#82;&#36;<\/span>&nbsp;19,75<\/bdi><\/span> sem juros<\/div><div class=\"buy-button\"><a href=\"https:\/\/cafelourenco.com.br\/produto\/1-kg-cappuccino-canela\/\" class=\"button\">Comprar!<\/a><\/div><\/div><\/div><div class=\"col-12\"><div class=\"product-item\"><div class=\"product-image\"><img loading=\"lazy\" decoding=\"async\" width=\"500\" height=\"367\" src=\"https:\/\/cafelourenco.com.br\/wp-content\/uploads\/2025\/03\/La-Nera-2-Compact.png\" class=\"attachment-full size-full\" alt=\"La Nera 2 - Standart\" srcset=\"https:\/\/cafelourenco.com.br\/wp-content\/uploads\/2025\/03\/La-Nera-2-Compact.png 500w, https:\/\/cafelourenco.com.br\/wp-content\/uploads\/2025\/03\/La-Nera-2-Compact-300x220.png 300w, https:\/\/cafelourenco.com.br\/wp-content\/uploads\/2025\/03\/La-Nera-2-Compact-64x47.png 64w\" sizes=\"auto, (max-width: 500px) 100vw, 500px\" \/><\/div><div class=\"produto-rating\"><div class=\"star-rating\"><span class=\"fa fa-star filled\"><\/span><span class=\"fa fa-star filled\"><\/span><span class=\"fa fa-star filled\"><\/span><span class=\"fa fa-star filled\"><\/span><span class=\"fa fa-star filled\"><\/span><\/div><\/div><h2 class=\"product-title\">La Nera 2 &#8211; Standart<\/h2><div class=\"product-price\"><span class=\"woocommerce-Price-amount amount\"><bdi><span class=\"woocommerce-Price-currencySymbol\">&#82;&#36;<\/span>&nbsp;26.000,00<\/bdi><\/span><\/div><div class=\"installments\">ou 4x de <span class=\"woocommerce-Price-amount amount\"><bdi><span class=\"woocommerce-Price-currencySymbol\">&#82;&#36;<\/span>&nbsp;6.500,00<\/bdi><\/span> sem juros<\/div><div class=\"buy-button\"><a href=\"https:\/\/cafelourenco.com.br\/produto\/la-nera-2-grupos-standart\/\" class=\"button\">Comprar!<\/a><\/div><\/div><\/div><div class=\"col-12\"><div class=\"product-item\"><div class=\"product-image\"><img loading=\"lazy\" decoding=\"async\" width=\"500\" height=\"367\" src=\"https:\/\/cafelourenco.com.br\/wp-content\/uploads\/2025\/03\/La-Nera-2-Compact.png\" class=\"attachment-full size-full\" alt=\"La Nera 2 - Compact\" srcset=\"https:\/\/cafelourenco.com.br\/wp-content\/uploads\/2025\/03\/La-Nera-2-Compact.png 500w, https:\/\/cafelourenco.com.br\/wp-content\/uploads\/2025\/03\/La-Nera-2-Compact-300x220.png 300w, https:\/\/cafelourenco.com.br\/wp-content\/uploads\/2025\/03\/La-Nera-2-Compact-64x47.png 64w\" sizes=\"auto, (max-width: 500px) 100vw, 500px\" \/><\/div><div class=\"produto-rating\"><div class=\"star-rating\"><span class=\"fa fa-star filled\"><\/span><span class=\"fa fa-star filled\"><\/span><span class=\"fa fa-star filled\"><\/span><span class=\"fa fa-star filled\"><\/span><span class=\"fa fa-star filled\"><\/span><\/div><\/div><h2 class=\"product-title\">La Nera 2 &#8211; Compact<\/h2><div class=\"product-price\"><\/div><div class=\"btn_alugar price_off\">\n                <p>Entre em contato <br>para alugar<\/p>\n                <a href=\"https:\/\/api.whatsapp.com\/send\/?phone=5511995975810&amp;text=Ol\u00e1 vim atrav\u00e9s do site e gostaria de saber mais sobre a loca\u00e7\u00e3o desse produto: La Nera 2 &#8211; Compact\" target=\"_blank\" aria-label=\"Bot\u00e3o para alugar produto\" rel=\"nofollow noopener\"><i class=\"fa-brands fa-whatsapp\"><\/i> Alugar<\/a>\n            <\/div><\/div><\/div><div class=\"col-12\"><div class=\"product-item\"><div class=\"product-image\"><img loading=\"lazy\" decoding=\"async\" width=\"500\" height=\"367\" src=\"https:\/\/cafelourenco.com.br\/wp-content\/uploads\/2025\/03\/Iperautomatic.png\" class=\"attachment-full size-full\" alt=\"Saeco Profissional IperAutom\u00e1tica 220v\" srcset=\"https:\/\/cafelourenco.com.br\/wp-content\/uploads\/2025\/03\/Iperautomatic.png 500w, https:\/\/cafelourenco.com.br\/wp-content\/uploads\/2025\/03\/Iperautomatic-300x220.png 300w, https:\/\/cafelourenco.com.br\/wp-content\/uploads\/2025\/03\/Iperautomatic-64x47.png 64w\" sizes=\"auto, (max-width: 500px) 100vw, 500px\" \/><\/div><div class=\"produto-rating\"><div class=\"star-rating\"><span class=\"fa fa-star filled\"><\/span><span class=\"fa fa-star filled\"><\/span><span class=\"fa fa-star filled\"><\/span><span class=\"fa fa-star filled\"><\/span><span class=\"fa fa-star filled\"><\/span><\/div><\/div><h2 class=\"product-title\">Saeco Profissional IperAutom\u00e1tica 220v<\/h2><div class=\"product-price\"><\/div><div class=\"btn_alugar price_off\">\n                <p>Entre em contato <br>para alugar<\/p>\n                <a href=\"https:\/\/api.whatsapp.com\/send\/?phone=5511995975810&amp;text=Ol\u00e1 vim atrav\u00e9s do site e gostaria de saber mais sobre a loca\u00e7\u00e3o desse produto: Saeco Profissional IperAutom\u00e1tica 220v\" target=\"_blank\" aria-label=\"Bot\u00e3o para alugar produto\" rel=\"nofollow noopener\"><i class=\"fa-brands fa-whatsapp\"><\/i> Alugar<\/a>\n            <\/div><\/div><\/div><div class=\"col-12\"><div class=\"product-item\"><div class=\"product-image\"><img loading=\"lazy\" decoding=\"async\" width=\"500\" height=\"367\" src=\"https:\/\/cafelourenco.com.br\/wp-content\/uploads\/2025\/03\/Area-Focus.png\" class=\"attachment-full size-full\" alt=\"Saeco Area Focus\" srcset=\"https:\/\/cafelourenco.com.br\/wp-content\/uploads\/2025\/03\/Area-Focus.png 500w, https:\/\/cafelourenco.com.br\/wp-content\/uploads\/2025\/03\/Area-Focus-300x220.png 300w, https:\/\/cafelourenco.com.br\/wp-content\/uploads\/2025\/03\/Area-Focus-64x47.png 64w\" sizes=\"auto, (max-width: 500px) 100vw, 500px\" \/><\/div><div class=\"produto-rating\"><div class=\"star-rating\"><span class=\"fa fa-star filled\"><\/span><span class=\"fa fa-star filled\"><\/span><span class=\"fa fa-star filled\"><\/span><span class=\"fa fa-star filled\"><\/span><span class=\"fa fa-star filled\"><\/span><\/div><\/div><h2 class=\"product-title\">Saeco Area Focus<\/h2><div class=\"product-price\"><\/div><div class=\"btn_alugar price_off\">\n                <p>Entre em contato <br>para alugar<\/p>\n                <a href=\"https:\/\/api.whatsapp.com\/send\/?phone=5511995975810&amp;text=Ol\u00e1 vim atrav\u00e9s do site e gostaria de saber mais sobre a loca\u00e7\u00e3o desse produto: Saeco Area Focus\" target=\"_blank\" aria-label=\"Bot\u00e3o para alugar produto\" rel=\"nofollow noopener\"><i class=\"fa-brands fa-whatsapp\"><\/i> Alugar<\/a>\n            <\/div><\/div><\/div><div class=\"col-12\"><div class=\"product-item\"><div class=\"product-image\"><img loading=\"lazy\" decoding=\"async\" width=\"500\" height=\"367\" src=\"https:\/\/cafelourenco.com.br\/wp-content\/uploads\/2025\/03\/Aulika-Evo.png\" class=\"attachment-full size-full\" alt=\"Saeco Profissional Aulika Evo Office\" srcset=\"https:\/\/cafelourenco.com.br\/wp-content\/uploads\/2025\/03\/Aulika-Evo.png 500w, https:\/\/cafelourenco.com.br\/wp-content\/uploads\/2025\/03\/Aulika-Evo-300x220.png 300w, https:\/\/cafelourenco.com.br\/wp-content\/uploads\/2025\/03\/Aulika-Evo-64x47.png 64w\" sizes=\"auto, (max-width: 500px) 100vw, 500px\" \/><\/div><div class=\"produto-rating\"><div class=\"star-rating\"><span class=\"fa fa-star filled\"><\/span><span class=\"fa fa-star filled\"><\/span><span class=\"fa fa-star filled\"><\/span><span class=\"fa fa-star filled\"><\/span><span class=\"fa fa-star filled\"><\/span><\/div><\/div><h2 class=\"product-title\">Saeco Profissional Aulika Evo Office<\/h2><div class=\"product-price\"><\/div><div class=\"btn_alugar price_off\">\n                <p>Entre em contato <br>para alugar<\/p>\n                <a href=\"https:\/\/api.whatsapp.com\/send\/?phone=5511995975810&amp;text=Ol\u00e1 vim atrav\u00e9s do site e gostaria de saber mais sobre a loca\u00e7\u00e3o desse produto: Saeco Profissional Aulika Evo Office\" target=\"_blank\" aria-label=\"Bot\u00e3o para alugar produto\" rel=\"nofollow noopener\"><i class=\"fa-brands fa-whatsapp\"><\/i> Alugar<\/a>\n            <\/div><\/div><\/div><div class=\"col-12\"><div class=\"product-item\"><div class=\"product-image\"><img loading=\"lazy\" decoding=\"async\" width=\"500\" height=\"367\" src=\"https:\/\/cafelourenco.com.br\/wp-content\/uploads\/2025\/03\/New-Royal.png\" class=\"attachment-full size-full\" alt=\"Saeco Profissional Royal Plus\" srcset=\"https:\/\/cafelourenco.com.br\/wp-content\/uploads\/2025\/03\/New-Royal.png 500w, https:\/\/cafelourenco.com.br\/wp-content\/uploads\/2025\/03\/New-Royal-300x220.png 300w, https:\/\/cafelourenco.com.br\/wp-content\/uploads\/2025\/03\/New-Royal-64x47.png 64w\" sizes=\"auto, (max-width: 500px) 100vw, 500px\" \/><\/div><div class=\"produto-rating\"><div class=\"star-rating\"><span class=\"fa fa-star filled\"><\/span><span class=\"fa fa-star filled\"><\/span><span class=\"fa fa-star filled\"><\/span><span class=\"fa fa-star filled\"><\/span><span class=\"fa fa-star filled\"><\/span><\/div><\/div><h2 class=\"product-title\">Saeco Profissional Royal Plus<\/h2><div class=\"product-price\"><\/div><div class=\"btn_alugar price_off\">\n                <p>Entre em contato <br>para alugar<\/p>\n                <a href=\"https:\/\/api.whatsapp.com\/send\/?phone=5511995975810&amp;text=Ol\u00e1 vim atrav\u00e9s do site e gostaria de saber mais sobre a loca\u00e7\u00e3o desse produto: Saeco Profissional Royal Plus\" target=\"_blank\" aria-label=\"Bot\u00e3o para alugar produto\" rel=\"nofollow noopener\"><i class=\"fa-brands fa-whatsapp\"><\/i> Alugar<\/a>\n            <\/div><\/div><\/div><div class=\"col-12\"><div class=\"product-item\"><div class=\"product-image\"><img loading=\"lazy\" decoding=\"async\" width=\"500\" height=\"367\" src=\"https:\/\/cafelourenco.com.br\/wp-content\/uploads\/2025\/03\/Brio-Necta.png\" class=\"attachment-full size-full\" alt=\"Maquina de Caf\u00e9 Brio Necta\" srcset=\"https:\/\/cafelourenco.com.br\/wp-content\/uploads\/2025\/03\/Brio-Necta.png 500w, https:\/\/cafelourenco.com.br\/wp-content\/uploads\/2025\/03\/Brio-Necta-300x220.png 300w, https:\/\/cafelourenco.com.br\/wp-content\/uploads\/2025\/03\/Brio-Necta-64x47.png 64w\" sizes=\"auto, (max-width: 500px) 100vw, 500px\" \/><\/div><div class=\"produto-rating\"><div class=\"star-rating\"><span class=\"fa fa-star filled\"><\/span><span class=\"fa fa-star filled\"><\/span><span class=\"fa fa-star filled\"><\/span><span class=\"fa fa-star filled\"><\/span><span class=\"fa fa-star filled\"><\/span><\/div><\/div><h2 class=\"product-title\">Maquina de Caf\u00e9 Brio Necta<\/h2><div class=\"product-price\"><\/div><div class=\"btn_alugar price_off\">\n                <p>Entre em contato <br>para alugar<\/p>\n                <a href=\"https:\/\/api.whatsapp.com\/send\/?phone=5511995975810&amp;text=Ol\u00e1 vim atrav\u00e9s do site e gostaria de saber mais sobre a loca\u00e7\u00e3o desse produto: Maquina de Caf\u00e9 Brio Necta\" target=\"_blank\" aria-label=\"Bot\u00e3o para alugar produto\" rel=\"nofollow noopener\"><i class=\"fa-brands fa-whatsapp\"><\/i> Alugar<\/a>\n            <\/div><\/div><\/div><div class=\"col-12\"><div class=\"product-item\"><div class=\"product-image\"><img loading=\"lazy\" decoding=\"async\" width=\"500\" height=\"367\" src=\"https:\/\/cafelourenco.com.br\/wp-content\/uploads\/2025\/03\/Opera-Shapes.png\" class=\"attachment-full size-full\" alt=\"Maquina de Caf\u00e9 Opera Necta\" srcset=\"https:\/\/cafelourenco.com.br\/wp-content\/uploads\/2025\/03\/Opera-Shapes.png 500w, https:\/\/cafelourenco.com.br\/wp-content\/uploads\/2025\/03\/Opera-Shapes-300x220.png 300w, https:\/\/cafelourenco.com.br\/wp-content\/uploads\/2025\/03\/Opera-Shapes-64x47.png 64w\" sizes=\"auto, (max-width: 500px) 100vw, 500px\" \/><\/div><div class=\"produto-rating\"><div class=\"star-rating\"><span class=\"fa fa-star filled\"><\/span><span class=\"fa fa-star filled\"><\/span><span class=\"fa fa-star filled\"><\/span><span class=\"fa fa-star filled\"><\/span><span class=\"fa fa-star filled\"><\/span><\/div><\/div><h2 class=\"product-title\">Maquina de Caf\u00e9 Opera Necta<\/h2><div class=\"product-price\"><\/div><div class=\"btn_alugar price_off\">\n                <p>Entre em contato <br>para alugar<\/p>\n                <a href=\"https:\/\/api.whatsapp.com\/send\/?phone=5511995975810&amp;text=Ol\u00e1 vim atrav\u00e9s do site e gostaria de saber mais sobre a loca\u00e7\u00e3o desse produto: Maquina de Caf\u00e9 Opera Necta\" target=\"_blank\" aria-label=\"Bot\u00e3o para alugar produto\" rel=\"nofollow noopener\"><i class=\"fa-brands fa-whatsapp\"><\/i> Alugar<\/a>\n            <\/div><\/div><\/div><div class=\"col-12\"><div class=\"product-item\"><div class=\"product-image\"><img loading=\"lazy\" decoding=\"async\" width=\"500\" height=\"367\" src=\"https:\/\/cafelourenco.com.br\/wp-content\/uploads\/2025\/03\/La-Nera.png\" class=\"attachment-full size-full\" alt=\"La Nera\" srcset=\"https:\/\/cafelourenco.com.br\/wp-content\/uploads\/2025\/03\/La-Nera.png 500w, https:\/\/cafelourenco.com.br\/wp-content\/uploads\/2025\/03\/La-Nera-300x220.png 300w, https:\/\/cafelourenco.com.br\/wp-content\/uploads\/2025\/03\/La-Nera-64x47.png 64w\" sizes=\"auto, (max-width: 500px) 100vw, 500px\" \/><\/div><div class=\"produto-rating\"><div class=\"star-rating\"><span class=\"fa fa-star filled\"><\/span><span class=\"fa fa-star filled\"><\/span><span class=\"fa fa-star filled\"><\/span><span class=\"fa fa-star filled\"><\/span><span class=\"fa fa-star filled\"><\/span><\/div><\/div><h2 class=\"product-title\">La Nera<\/h2><div class=\"product-price\"><\/div><div class=\"btn_alugar price_off\">\n                <p>Entre em contato <br>para alugar<\/p>\n                <a href=\"https:\/\/api.whatsapp.com\/send\/?phone=5511995975810&amp;text=Ol\u00e1 vim atrav\u00e9s do site e gostaria de saber mais sobre a loca\u00e7\u00e3o desse produto: La Nera\" target=\"_blank\" aria-label=\"Bot\u00e3o para alugar produto\" rel=\"nofollow noopener\"><i class=\"fa-brands fa-whatsapp\"><\/i> Alugar<\/a>\n            <\/div><\/div><\/div><div class=\"col-12\"><div class=\"product-item\"><div class=\"product-image\"><img loading=\"lazy\" decoding=\"async\" width=\"500\" height=\"367\" src=\"https:\/\/cafelourenco.com.br\/wp-content\/uploads\/2025\/03\/Krea-Prime.png\" class=\"attachment-full size-full\" alt=\"M\u00e1quina Krea Prime\" srcset=\"https:\/\/cafelourenco.com.br\/wp-content\/uploads\/2025\/03\/Krea-Prime.png 500w, https:\/\/cafelourenco.com.br\/wp-content\/uploads\/2025\/03\/Krea-Prime-300x220.png 300w, https:\/\/cafelourenco.com.br\/wp-content\/uploads\/2025\/03\/Krea-Prime-64x47.png 64w\" sizes=\"auto, (max-width: 500px) 100vw, 500px\" \/><\/div><div class=\"produto-rating\"><div class=\"star-rating\"><span class=\"fa fa-star filled\"><\/span><span class=\"fa fa-star filled\"><\/span><span class=\"fa fa-star filled\"><\/span><span class=\"fa fa-star filled\"><\/span><span class=\"fa fa-star filled\"><\/span><\/div><\/div><h2 class=\"product-title\">M\u00e1quina Krea Prime<\/h2><div class=\"product-price\"><\/div><div class=\"btn_alugar price_off\">\n                <p>Entre em contato <br>para alugar<\/p>\n                <a href=\"https:\/\/api.whatsapp.com\/send\/?phone=5511995975810&amp;text=Ol\u00e1 vim atrav\u00e9s do site e gostaria de saber mais sobre a loca\u00e7\u00e3o desse produto: M\u00e1quina Krea Prime\" target=\"_blank\" aria-label=\"Bot\u00e3o para alugar produto\" rel=\"nofollow noopener\"><i class=\"fa-brands fa-whatsapp\"><\/i> Alugar<\/a>\n            <\/div><\/div><\/div><div class=\"col-12\"><div class=\"product-item\"><div class=\"product-image\"><img loading=\"lazy\" decoding=\"async\" width=\"450\" height=\"450\" src=\"https:\/\/cafelourenco.com.br\/wp-content\/uploads\/2025\/03\/F535-easy.jpg\" class=\"attachment-full size-full\" alt=\"F 535 Easy\" srcset=\"https:\/\/cafelourenco.com.br\/wp-content\/uploads\/2025\/03\/F535-easy.jpg 450w, https:\/\/cafelourenco.com.br\/wp-content\/uploads\/2025\/03\/F535-easy-300x300.jpg 300w, https:\/\/cafelourenco.com.br\/wp-content\/uploads\/2025\/03\/F535-easy-150x150.jpg 150w, https:\/\/cafelourenco.com.br\/wp-content\/uploads\/2025\/03\/F535-easy-100x100.jpg 100w, https:\/\/cafelourenco.com.br\/wp-content\/uploads\/2025\/03\/F535-easy-64x64.jpg 64w\" sizes=\"auto, (max-width: 450px) 100vw, 450px\" \/><\/div><div class=\"produto-rating\"><div class=\"star-rating\"><span class=\"fa fa-star filled\"><\/span><span class=\"fa fa-star filled\"><\/span><span class=\"fa fa-star filled\"><\/span><span class=\"fa fa-star filled\"><\/span><span class=\"fa fa-star filled\"><\/span><\/div><\/div><h2 class=\"product-title\">F 535 Easy<\/h2><div class=\"product-price\"><\/div><div class=\"btn_alugar price_off\">\n                <p>Entre em contato <br>para alugar<\/p>\n                <a href=\"https:\/\/api.whatsapp.com\/send\/?phone=5511995975810&amp;text=Ol\u00e1 vim atrav\u00e9s do site e gostaria de saber mais sobre a loca\u00e7\u00e3o desse produto: F 535 Easy\" target=\"_blank\" aria-label=\"Bot\u00e3o para alugar produto\" rel=\"nofollow noopener\"><i class=\"fa-brands fa-whatsapp\"><\/i> Alugar<\/a>\n            <\/div><\/div><\/div><div class=\"col-12\"><div class=\"product-item\"><div class=\"product-image\"><img loading=\"lazy\" decoding=\"async\" width=\"450\" height=\"450\" src=\"https:\/\/cafelourenco.com.br\/wp-content\/uploads\/2025\/03\/f430-easy.jpg\" class=\"attachment-full size-full\" alt=\"F 430 Easy\" srcset=\"https:\/\/cafelourenco.com.br\/wp-content\/uploads\/2025\/03\/f430-easy.jpg 450w, https:\/\/cafelourenco.com.br\/wp-content\/uploads\/2025\/03\/f430-easy-300x300.jpg 300w, https:\/\/cafelourenco.com.br\/wp-content\/uploads\/2025\/03\/f430-easy-150x150.jpg 150w, https:\/\/cafelourenco.com.br\/wp-content\/uploads\/2025\/03\/f430-easy-100x100.jpg 100w, https:\/\/cafelourenco.com.br\/wp-content\/uploads\/2025\/03\/f430-easy-64x64.jpg 64w\" sizes=\"auto, (max-width: 450px) 100vw, 450px\" \/><\/div><div class=\"produto-rating\"><div class=\"star-rating\"><span class=\"fa fa-star filled\"><\/span><span class=\"fa fa-star filled\"><\/span><span class=\"fa fa-star filled\"><\/span><span class=\"fa fa-star filled\"><\/span><span class=\"fa fa-star filled\"><\/span><\/div><\/div><h2 class=\"product-title\">F 430 Easy<\/h2><div class=\"product-price\"><\/div><div class=\"buy-button\"><a href=\"https:\/\/cafelourenco.com.br\/produto\/f-430-easy\/\" class=\"button\">Comprar!<\/a><\/div><\/div><\/div><div class=\"col-12\"><div class=\"product-item\"><div class=\"product-image\"><img loading=\"lazy\" decoding=\"async\" width=\"450\" height=\"450\" src=\"https:\/\/cafelourenco.com.br\/wp-content\/uploads\/2025\/03\/0800.35.010-oi-FIAMMA.jpg\" class=\"attachment-full size-full\" alt=\"F 400\" srcset=\"https:\/\/cafelourenco.com.br\/wp-content\/uploads\/2025\/03\/0800.35.010-oi-FIAMMA.jpg 450w, https:\/\/cafelourenco.com.br\/wp-content\/uploads\/2025\/03\/0800.35.010-oi-FIAMMA-300x300.jpg 300w, https:\/\/cafelourenco.com.br\/wp-content\/uploads\/2025\/03\/0800.35.010-oi-FIAMMA-150x150.jpg 150w, https:\/\/cafelourenco.com.br\/wp-content\/uploads\/2025\/03\/0800.35.010-oi-FIAMMA-100x100.jpg 100w, https:\/\/cafelourenco.com.br\/wp-content\/uploads\/2025\/03\/0800.35.010-oi-FIAMMA-64x64.jpg 64w\" sizes=\"auto, (max-width: 450px) 100vw, 450px\" \/><\/div><div class=\"produto-rating\"><div class=\"star-rating\"><span class=\"fa fa-star filled\"><\/span><span class=\"fa fa-star filled\"><\/span><span class=\"fa fa-star filled\"><\/span><span class=\"fa fa-star filled\"><\/span><span class=\"fa fa-star filled\"><\/span><\/div><\/div><h2 class=\"product-title\">F 400<\/h2><div class=\"product-price\"><\/div><div class=\"buy-button\"><a href=\"https:\/\/cafelourenco.com.br\/produto\/f-400\/\" class=\"button\">Comprar!<\/a><\/div><\/div><\/div><div class=\"col-12\"><div class=\"product-item\"><div class=\"product-image\"><img loading=\"lazy\" decoding=\"async\" width=\"450\" height=\"450\" src=\"https:\/\/cafelourenco.com.br\/wp-content\/uploads\/2025\/03\/0800.35.011-1-FIAMMA.jpg\" class=\"attachment-full size-full\" alt=\"F 1225\" srcset=\"https:\/\/cafelourenco.com.br\/wp-content\/uploads\/2025\/03\/0800.35.011-1-FIAMMA.jpg 450w, https:\/\/cafelourenco.com.br\/wp-content\/uploads\/2025\/03\/0800.35.011-1-FIAMMA-300x300.jpg 300w, https:\/\/cafelourenco.com.br\/wp-content\/uploads\/2025\/03\/0800.35.011-1-FIAMMA-150x150.jpg 150w, https:\/\/cafelourenco.com.br\/wp-content\/uploads\/2025\/03\/0800.35.011-1-FIAMMA-100x100.jpg 100w, https:\/\/cafelourenco.com.br\/wp-content\/uploads\/2025\/03\/0800.35.011-1-FIAMMA-64x64.jpg 64w\" sizes=\"auto, (max-width: 450px) 100vw, 450px\" \/><\/div><div class=\"produto-rating\"><div class=\"star-rating\"><span class=\"fa fa-star filled\"><\/span><span class=\"fa fa-star filled\"><\/span><span class=\"fa fa-star filled\"><\/span><span class=\"fa fa-star filled\"><\/span><span class=\"fa fa-star filled\"><\/span><\/div><\/div><h2 class=\"product-title\">F 1225<\/h2><div class=\"product-price\"><\/div><div class=\"buy-button\"><a href=\"https:\/\/cafelourenco.com.br\/produto\/f-1225\/\" class=\"button\">Comprar!<\/a><\/div><\/div><\/div><div class=\"col-12\"><div class=\"product-item\"><div class=\"product-image\"><img loading=\"lazy\" decoding=\"async\" width=\"500\" height=\"750\" src=\"https:\/\/cafelourenco.com.br\/wp-content\/uploads\/2025\/03\/REmidag-mst-Black.png\" class=\"attachment-full size-full\" alt=\"Moinho de Caf\u00e9 REMIDAG MST-64P EV* | Full Touch (Vers\u00e3o Super Veloz)\" srcset=\"https:\/\/cafelourenco.com.br\/wp-content\/uploads\/2025\/03\/REmidag-mst-Black.png 500w, https:\/\/cafelourenco.com.br\/wp-content\/uploads\/2025\/03\/REmidag-mst-Black-200x300.png 200w, https:\/\/cafelourenco.com.br\/wp-content\/uploads\/2025\/03\/REmidag-mst-Black-64x96.png 64w\" sizes=\"auto, (max-width: 500px) 100vw, 500px\" \/><\/div><div class=\"produto-rating\"><div class=\"star-rating\"><span class=\"fa fa-star filled\"><\/span><span class=\"fa fa-star filled\"><\/span><span class=\"fa fa-star filled\"><\/span><span class=\"fa fa-star filled\"><\/span><span class=\"fa fa-star filled\"><\/span><\/div><\/div><h2 class=\"product-title\">Moinho de Caf\u00e9 REMIDAG MST-64P EV* | Full Touch (Vers\u00e3o Super Veloz)<\/h2><div class=\"product-price\"><\/div><div class=\"buy-button\"><a href=\"https:\/\/cafelourenco.com.br\/produto\/moinho-de-cafe-remidag-mst-64p-ev-full-touch-versao-super-veloz\/\" class=\"button\">Comprar!<\/a><\/div><\/div><\/div><div class=\"col-12\"><div class=\"product-item\"><div class=\"product-image\"><img loading=\"lazy\" decoding=\"async\" width=\"500\" height=\"750\" src=\"https:\/\/cafelourenco.com.br\/wp-content\/uploads\/2025\/03\/Remidag-Black.png\" class=\"attachment-full size-full\" alt=\"Moinho de Caf\u00e9 REMIDAG MST-64P EV | Digital Touch (Vers\u00e3o Super Veloz)\" srcset=\"https:\/\/cafelourenco.com.br\/wp-content\/uploads\/2025\/03\/Remidag-Black.png 500w, https:\/\/cafelourenco.com.br\/wp-content\/uploads\/2025\/03\/Remidag-Black-200x300.png 200w, https:\/\/cafelourenco.com.br\/wp-content\/uploads\/2025\/03\/Remidag-Black-64x96.png 64w\" sizes=\"auto, (max-width: 500px) 100vw, 500px\" \/><\/div><div class=\"produto-rating\"><div class=\"star-rating\"><span class=\"fa fa-star filled\"><\/span><span class=\"fa fa-star filled\"><\/span><span class=\"fa fa-star filled\"><\/span><span class=\"fa fa-star filled\"><\/span><span class=\"fa fa-star filled\"><\/span><\/div><\/div><h2 class=\"product-title\">Moinho de Caf\u00e9 REMIDAG MST-64P EV | Digital Touch (Vers\u00e3o Super Veloz)<\/h2><div class=\"product-price\"><\/div><div class=\"buy-button\"><a href=\"https:\/\/cafelourenco.com.br\/produto\/moinho-de-cafe-remidag-mst-64p-ev-digital-touch-versao-super-veloz\/\" class=\"button\">Comprar!<\/a><\/div><\/div><\/div><div class=\"col-12\"><div class=\"product-item\"><div class=\"product-image\"><img loading=\"lazy\" decoding=\"async\" width=\"500\" height=\"750\" src=\"https:\/\/cafelourenco.com.br\/wp-content\/uploads\/2025\/03\/Remidag-Branco.png\" class=\"attachment-full size-full\" alt=\"Moinho de Caf\u00e9 REMIDAG MST-64P E | Digital Touch\" srcset=\"https:\/\/cafelourenco.com.br\/wp-content\/uploads\/2025\/03\/Remidag-Branco.png 500w, https:\/\/cafelourenco.com.br\/wp-content\/uploads\/2025\/03\/Remidag-Branco-200x300.png 200w, https:\/\/cafelourenco.com.br\/wp-content\/uploads\/2025\/03\/Remidag-Branco-64x96.png 64w\" sizes=\"auto, (max-width: 500px) 100vw, 500px\" \/><\/div><div class=\"produto-rating\"><div class=\"star-rating\"><span class=\"fa fa-star filled\"><\/span><span class=\"fa fa-star filled\"><\/span><span class=\"fa fa-star filled\"><\/span><span class=\"fa fa-star filled\"><\/span><span class=\"fa fa-star filled\"><\/span><\/div><\/div><h2 class=\"product-title\">Moinho de Caf\u00e9 REMIDAG MST-64P E | Digital Touch<\/h2><div class=\"product-price\"><\/div><div class=\"buy-button\"><a href=\"https:\/\/cafelourenco.com.br\/produto\/moinho-de-cafe-remidag-mst-64p-e-digital-touch\/\" class=\"button\">Comprar!<\/a><\/div><\/div><\/div><div class=\"col-12\"><div class=\"product-item\"><div class=\"product-image\"><img loading=\"lazy\" decoding=\"async\" width=\"500\" height=\"750\" src=\"https:\/\/cafelourenco.com.br\/wp-content\/uploads\/2025\/03\/Remidag-mst.png\" class=\"attachment-full size-full\" alt=\"Moinho de Caf\u00e9 REMIDAG MST-58P E | Full Touch\" srcset=\"https:\/\/cafelourenco.com.br\/wp-content\/uploads\/2025\/03\/Remidag-mst.png 500w, https:\/\/cafelourenco.com.br\/wp-content\/uploads\/2025\/03\/Remidag-mst-200x300.png 200w, https:\/\/cafelourenco.com.br\/wp-content\/uploads\/2025\/03\/Remidag-mst-64x96.png 64w\" sizes=\"auto, (max-width: 500px) 100vw, 500px\" \/><\/div><div class=\"produto-rating\"><div class=\"star-rating\"><span class=\"fa fa-star filled\"><\/span><span class=\"fa fa-star filled\"><\/span><span class=\"fa fa-star filled\"><\/span><span class=\"fa fa-star filled\"><\/span><span class=\"fa fa-star filled\"><\/span><\/div><\/div><h2 class=\"product-title\">Moinho de Caf\u00e9 REMIDAG MST-58P E | Full Touch<\/h2><div class=\"product-price\"><\/div><div class=\"buy-button\"><a href=\"https:\/\/cafelourenco.com.br\/produto\/moinho-de-cafe-remidag-mst-58p-e-full-touch\/\" class=\"button\">Comprar!<\/a><\/div><\/div><\/div><div class=\"col-12\"><div class=\"product-item\"><div class=\"product-image\"><img loading=\"lazy\" decoding=\"async\" width=\"500\" height=\"350\" src=\"https:\/\/cafelourenco.com.br\/wp-content\/uploads\/2025\/03\/compass_2mb_tc_black_featured-1-500x350-1.png\" class=\"attachment-full size-full\" alt=\"Compass 2 - Multiboiler\" srcset=\"https:\/\/cafelourenco.com.br\/wp-content\/uploads\/2025\/03\/compass_2mb_tc_black_featured-1-500x350-1.png 500w, https:\/\/cafelourenco.com.br\/wp-content\/uploads\/2025\/03\/compass_2mb_tc_black_featured-1-500x350-1-300x210.png 300w, https:\/\/cafelourenco.com.br\/wp-content\/uploads\/2025\/03\/compass_2mb_tc_black_featured-1-500x350-1-64x45.png 64w\" sizes=\"auto, (max-width: 500px) 100vw, 500px\" \/><\/div><div class=\"produto-rating\"><div class=\"star-rating\"><span class=\"fa fa-star filled\"><\/span><span class=\"fa fa-star filled\"><\/span><span class=\"fa fa-star filled\"><\/span><span class=\"fa fa-star filled\"><\/span><span class=\"fa fa-star filled\"><\/span><\/div><\/div><h2 class=\"product-title\">Compass 2 &#8211; Multiboiler<\/h2><div class=\"product-price\"><\/div><div class=\"btn_alugar price_off\">\n                <p>Entre em contato <br>para alugar<\/p>\n                <a href=\"https:\/\/api.whatsapp.com\/send\/?phone=5511995975810&amp;text=Ol\u00e1 vim atrav\u00e9s do site e gostaria de saber mais sobre a loca\u00e7\u00e3o desse produto: Compass 2 &#8211; Multiboiler\" target=\"_blank\" aria-label=\"Bot\u00e3o para alugar produto\" rel=\"nofollow noopener\"><i class=\"fa-brands fa-whatsapp\"><\/i> Alugar<\/a>\n            <\/div><\/div><\/div><div class=\"col-12\"><div class=\"product-item\"><div class=\"product-image\"><img loading=\"lazy\" decoding=\"async\" width=\"500\" height=\"367\" src=\"https:\/\/cafelourenco.com.br\/wp-content\/uploads\/2025\/03\/Compass-2-SE.png\" class=\"attachment-full size-full\" alt=\"Compass 2 - SE\" srcset=\"https:\/\/cafelourenco.com.br\/wp-content\/uploads\/2025\/03\/Compass-2-SE.png 500w, https:\/\/cafelourenco.com.br\/wp-content\/uploads\/2025\/03\/Compass-2-SE-300x220.png 300w, https:\/\/cafelourenco.com.br\/wp-content\/uploads\/2025\/03\/Compass-2-SE-64x47.png 64w\" sizes=\"auto, (max-width: 500px) 100vw, 500px\" \/><\/div><div class=\"produto-rating\"><div class=\"star-rating\"><span class=\"fa fa-star filled\"><\/span><span class=\"fa fa-star filled\"><\/span><span class=\"fa fa-star filled\"><\/span><span class=\"fa fa-star filled\"><\/span><span class=\"fa fa-star filled\"><\/span><\/div><\/div><h2 class=\"product-title\">Compass 2 &#8211; SE<\/h2><div class=\"product-price\"><\/div><div class=\"btn_alugar price_off\">\n                <p>Entre em contato <br>para alugar<\/p>\n                <a href=\"https:\/\/api.whatsapp.com\/send\/?phone=5511995975810&amp;text=Ol\u00e1 vim atrav\u00e9s do site e gostaria de saber mais sobre a loca\u00e7\u00e3o desse produto: Compass 2 &#8211; SE\" target=\"_blank\" aria-label=\"Bot\u00e3o para alugar produto\" rel=\"nofollow noopener\"><i class=\"fa-brands fa-whatsapp\"><\/i> Alugar<\/a>\n            <\/div><\/div><\/div><div class=\"col-12\"><div class=\"product-item\"><div class=\"product-image\"><img loading=\"lazy\" decoding=\"async\" width=\"500\" height=\"367\" src=\"https:\/\/cafelourenco.com.br\/wp-content\/uploads\/2025\/03\/Compass-2-SE-1.png\" class=\"attachment-full size-full\" alt=\"Compass 2 - Compact SE\" srcset=\"https:\/\/cafelourenco.com.br\/wp-content\/uploads\/2025\/03\/Compass-2-SE-1.png 500w, https:\/\/cafelourenco.com.br\/wp-content\/uploads\/2025\/03\/Compass-2-SE-1-300x220.png 300w, https:\/\/cafelourenco.com.br\/wp-content\/uploads\/2025\/03\/Compass-2-SE-1-64x47.png 64w\" sizes=\"auto, (max-width: 500px) 100vw, 500px\" \/><\/div><div class=\"produto-rating\"><div class=\"star-rating\"><span class=\"fa fa-star filled\"><\/span><span class=\"fa fa-star filled\"><\/span><span class=\"fa fa-star filled\"><\/span><span class=\"fa fa-star filled\"><\/span><span class=\"fa fa-star filled\"><\/span><\/div><\/div><h2 class=\"product-title\">Compass 2 &#8211; Compact SE<\/h2><div class=\"product-price\"><\/div><div class=\"btn_alugar price_off\">\n                <p>Entre em contato <br>para alugar<\/p>\n                <a href=\"https:\/\/api.whatsapp.com\/send\/?phone=5511995975810&amp;text=Ol\u00e1 vim atrav\u00e9s do site e gostaria de saber mais sobre a loca\u00e7\u00e3o desse produto: Compass 2 &#8211; Compact SE\" target=\"_blank\" aria-label=\"Bot\u00e3o para alugar produto\" rel=\"nofollow noopener\"><i class=\"fa-brands fa-whatsapp\"><\/i> Alugar<\/a>\n            <\/div><\/div><\/div><div class=\"col-12\"><div class=\"product-item\"><div class=\"product-image\"><img loading=\"lazy\" decoding=\"async\" width=\"500\" height=\"367\" src=\"https:\/\/cafelourenco.com.br\/wp-content\/uploads\/2025\/03\/Compass-1-SE.png\" class=\"attachment-full size-full\" alt=\"Compass 1 - SE\" srcset=\"https:\/\/cafelourenco.com.br\/wp-content\/uploads\/2025\/03\/Compass-1-SE.png 500w, https:\/\/cafelourenco.com.br\/wp-content\/uploads\/2025\/03\/Compass-1-SE-300x220.png 300w, https:\/\/cafelourenco.com.br\/wp-content\/uploads\/2025\/03\/Compass-1-SE-64x47.png 64w\" sizes=\"auto, (max-width: 500px) 100vw, 500px\" \/><\/div><div class=\"produto-rating\"><div class=\"star-rating\"><span class=\"fa fa-star filled\"><\/span><span class=\"fa fa-star filled\"><\/span><span class=\"fa fa-star filled\"><\/span><span class=\"fa fa-star filled\"><\/span><span class=\"fa fa-star filled\"><\/span><\/div><\/div><h2 class=\"product-title\">Compass 1 &#8211; SE<\/h2><div class=\"product-price\"><\/div><div class=\"btn_alugar price_off\">\n                <p>Entre em contato <br>para alugar<\/p>\n                <a href=\"https:\/\/api.whatsapp.com\/send\/?phone=5511995975810&amp;text=Ol\u00e1 vim atrav\u00e9s do site e gostaria de saber mais sobre a loca\u00e7\u00e3o desse produto: Compass 1 &#8211; SE\" target=\"_blank\" aria-label=\"Bot\u00e3o para alugar produto\" rel=\"nofollow noopener\"><i class=\"fa-brands fa-whatsapp\"><\/i> Alugar<\/a>\n            <\/div><\/div><\/div><div class=\"col-12\"><div class=\"product-item\"><div class=\"product-image\"><img loading=\"lazy\" decoding=\"async\" width=\"500\" height=\"350\" src=\"https:\/\/cafelourenco.com.br\/wp-content\/uploads\/2025\/03\/caravel_3cv_tc_black_featured-500x350-1.png\" class=\"attachment-full size-full\" alt=\"Caravel 3 - CV\" srcset=\"https:\/\/cafelourenco.com.br\/wp-content\/uploads\/2025\/03\/caravel_3cv_tc_black_featured-500x350-1.png 500w, https:\/\/cafelourenco.com.br\/wp-content\/uploads\/2025\/03\/caravel_3cv_tc_black_featured-500x350-1-300x210.png 300w, https:\/\/cafelourenco.com.br\/wp-content\/uploads\/2025\/03\/caravel_3cv_tc_black_featured-500x350-1-64x45.png 64w\" sizes=\"auto, (max-width: 500px) 100vw, 500px\" \/><\/div><div class=\"produto-rating\"><div class=\"star-rating\"><span class=\"fa fa-star filled\"><\/span><span class=\"fa fa-star filled\"><\/span><span class=\"fa fa-star filled\"><\/span><span class=\"fa fa-star filled\"><\/span><span class=\"fa fa-star filled\"><\/span><\/div><\/div><h2 class=\"product-title\">Caravel 3 &#8211; CV<\/h2><div class=\"product-price\"><\/div><div class=\"btn_alugar price_off\">\n                <p>Entre em contato <br>para alugar<\/p>\n                <a href=\"https:\/\/api.whatsapp.com\/send\/?phone=5511995975810&amp;text=Ol\u00e1 vim atrav\u00e9s do site e gostaria de saber mais sobre a loca\u00e7\u00e3o desse produto: Caravel 3 &#8211; CV\" target=\"_blank\" aria-label=\"Bot\u00e3o para alugar produto\" rel=\"nofollow noopener\"><i class=\"fa-brands fa-whatsapp\"><\/i> Alugar<\/a>\n            <\/div><\/div><\/div><div class=\"col-12\"><div class=\"product-item\"><div class=\"product-image\"><img loading=\"lazy\" decoding=\"async\" width=\"500\" height=\"350\" src=\"https:\/\/cafelourenco.com.br\/wp-content\/uploads\/2025\/03\/caravel_2cvc_tc_black_featured-500x350-1.png\" class=\"attachment-full size-full\" alt=\"Caravel 2 - Compact CV\" srcset=\"https:\/\/cafelourenco.com.br\/wp-content\/uploads\/2025\/03\/caravel_2cvc_tc_black_featured-500x350-1.png 500w, https:\/\/cafelourenco.com.br\/wp-content\/uploads\/2025\/03\/caravel_2cvc_tc_black_featured-500x350-1-300x210.png 300w, https:\/\/cafelourenco.com.br\/wp-content\/uploads\/2025\/03\/caravel_2cvc_tc_black_featured-500x350-1-64x45.png 64w\" sizes=\"auto, (max-width: 500px) 100vw, 500px\" \/><\/div><div class=\"produto-rating\"><div class=\"star-rating\"><span class=\"fa fa-star filled\"><\/span><span class=\"fa fa-star filled\"><\/span><span class=\"fa fa-star filled\"><\/span><span class=\"fa fa-star filled\"><\/span><span class=\"fa fa-star filled\"><\/span><\/div><\/div><h2 class=\"product-title\">Caravel 2 &#8211; Compact CV<\/h2><div class=\"product-price\"><\/div><div class=\"btn_alugar price_off\">\n                <p>Entre em contato <br>para alugar<\/p>\n                <a href=\"https:\/\/api.whatsapp.com\/send\/?phone=5511995975810&amp;text=Ol\u00e1 vim atrav\u00e9s do site e gostaria de saber mais sobre a loca\u00e7\u00e3o desse produto: Caravel 2 &#8211; Compact CV\" target=\"_blank\" aria-label=\"Bot\u00e3o para alugar produto\" rel=\"nofollow noopener\"><i class=\"fa-brands fa-whatsapp\"><\/i> Alugar<\/a>\n            <\/div><\/div><\/div><div class=\"col-12\"><div class=\"product-item\"><div class=\"product-image\"><img loading=\"lazy\" decoding=\"async\" width=\"500\" height=\"350\" src=\"https:\/\/cafelourenco.com.br\/wp-content\/uploads\/2025\/03\/caravel_2cv_tc_black_featured-500x350-1.png\" class=\"attachment-full size-full\" alt=\"Caravel 2 - CV\" srcset=\"https:\/\/cafelourenco.com.br\/wp-content\/uploads\/2025\/03\/caravel_2cv_tc_black_featured-500x350-1.png 500w, https:\/\/cafelourenco.com.br\/wp-content\/uploads\/2025\/03\/caravel_2cv_tc_black_featured-500x350-1-300x210.png 300w, https:\/\/cafelourenco.com.br\/wp-content\/uploads\/2025\/03\/caravel_2cv_tc_black_featured-500x350-1-64x45.png 64w\" sizes=\"auto, (max-width: 500px) 100vw, 500px\" \/><\/div><div class=\"produto-rating\"><div class=\"star-rating\"><span class=\"fa fa-star filled\"><\/span><span class=\"fa fa-star filled\"><\/span><span class=\"fa fa-star filled\"><\/span><span class=\"fa fa-star filled\"><\/span><span class=\"fa fa-star filled\"><\/span><\/div><\/div><h2 class=\"product-title\">Caravel 2 &#8211; CV<\/h2><div class=\"product-price\"><\/div><div class=\"btn_alugar price_off\">\n                <p>Entre em contato <br>para alugar<\/p>\n                <a href=\"https:\/\/api.whatsapp.com\/send\/?phone=5511995975810&amp;text=Ol\u00e1 vim atrav\u00e9s do site e gostaria de saber mais sobre a loca\u00e7\u00e3o desse produto: Caravel 2 &#8211; CV\" target=\"_blank\" aria-label=\"Bot\u00e3o para alugar produto\" rel=\"nofollow noopener\"><i class=\"fa-brands fa-whatsapp\"><\/i> Alugar<\/a>\n            <\/div><\/div><\/div><div class=\"col-12\"><div class=\"product-item\"><div class=\"product-image\"><img loading=\"lazy\" decoding=\"async\" width=\"500\" height=\"367\" src=\"https:\/\/cafelourenco.com.br\/wp-content\/uploads\/2025\/03\/caravel_1cv_tc_black_featured-500x367-1.png\" class=\"attachment-full size-full\" alt=\"Caravel 1 - CV Tall Cup\" srcset=\"https:\/\/cafelourenco.com.br\/wp-content\/uploads\/2025\/03\/caravel_1cv_tc_black_featured-500x367-1.png 500w, https:\/\/cafelourenco.com.br\/wp-content\/uploads\/2025\/03\/caravel_1cv_tc_black_featured-500x367-1-300x220.png 300w, https:\/\/cafelourenco.com.br\/wp-content\/uploads\/2025\/03\/caravel_1cv_tc_black_featured-500x367-1-64x47.png 64w\" sizes=\"auto, (max-width: 500px) 100vw, 500px\" \/><\/div><div class=\"produto-rating\"><div class=\"star-rating\"><span class=\"fa fa-star filled\"><\/span><span class=\"fa fa-star filled\"><\/span><span class=\"fa fa-star filled\"><\/span><span class=\"fa fa-star filled\"><\/span><span class=\"fa fa-star filled\"><\/span><\/div><\/div><h2 class=\"product-title\">Caravel 1 &#8211; CV Tall Cup<\/h2><div class=\"product-price\"><\/div><div class=\"btn_alugar price_off\">\n                <p>Entre em contato <br>para alugar<\/p>\n                <a href=\"https:\/\/api.whatsapp.com\/send\/?phone=5511995975810&amp;text=Ol\u00e1 vim atrav\u00e9s do site e gostaria de saber mais sobre a loca\u00e7\u00e3o desse produto: Caravel 1 &#8211; CV Tall Cup\" target=\"_blank\" aria-label=\"Bot\u00e3o para alugar produto\" rel=\"nofollow noopener\"><i class=\"fa-brands fa-whatsapp\"><\/i> Alugar<\/a>\n            <\/div><\/div><\/div><div class=\"col-12\"><div class=\"product-item\"><div class=\"product-image\"><img loading=\"lazy\" decoding=\"async\" width=\"500\" height=\"376\" src=\"https:\/\/cafelourenco.com.br\/wp-content\/uploads\/2025\/03\/nau_classica_tc_black_featured-1-1-500x376-1.png\" class=\"attachment-full size-full\" alt=\"Nau Cl\u00e1ssica\" srcset=\"https:\/\/cafelourenco.com.br\/wp-content\/uploads\/2025\/03\/nau_classica_tc_black_featured-1-1-500x376-1.png 500w, https:\/\/cafelourenco.com.br\/wp-content\/uploads\/2025\/03\/nau_classica_tc_black_featured-1-1-500x376-1-300x226.png 300w, https:\/\/cafelourenco.com.br\/wp-content\/uploads\/2025\/03\/nau_classica_tc_black_featured-1-1-500x376-1-64x48.png 64w\" sizes=\"auto, (max-width: 500px) 100vw, 500px\" \/><\/div><div class=\"produto-rating\"><div class=\"star-rating\"><span class=\"fa fa-star filled\"><\/span><span class=\"fa fa-star filled\"><\/span><span class=\"fa fa-star filled\"><\/span><span class=\"fa fa-star filled\"><\/span><span class=\"fa fa-star filled\"><\/span><\/div><\/div><h2 class=\"product-title\">Nau Cl\u00e1ssica<\/h2><div class=\"product-price\"><\/div><div class=\"btn_alugar price_off\">\n                <p>Entre em contato <br>para alugar<\/p>\n                <a href=\"https:\/\/api.whatsapp.com\/send\/?phone=5511995975810&amp;text=Ol\u00e1 vim atrav\u00e9s do site e gostaria de saber mais sobre a loca\u00e7\u00e3o desse produto: Nau Cl\u00e1ssica\" target=\"_blank\" aria-label=\"Bot\u00e3o para alugar produto\" rel=\"nofollow noopener\"><i class=\"fa-brands fa-whatsapp\"><\/i> Alugar<\/a>\n            <\/div><\/div><\/div><div class=\"col-12\"><div class=\"product-item\"><div class=\"product-image\"><img loading=\"lazy\" decoding=\"async\" width=\"500\" height=\"367\" src=\"https:\/\/cafelourenco.com.br\/wp-content\/uploads\/2025\/03\/marina_procv_tc_black_featured-500x367-1.png\" class=\"attachment-full size-full\" alt=\"Marina Pro CV\" srcset=\"https:\/\/cafelourenco.com.br\/wp-content\/uploads\/2025\/03\/marina_procv_tc_black_featured-500x367-1.png 500w, https:\/\/cafelourenco.com.br\/wp-content\/uploads\/2025\/03\/marina_procv_tc_black_featured-500x367-1-300x220.png 300w, https:\/\/cafelourenco.com.br\/wp-content\/uploads\/2025\/03\/marina_procv_tc_black_featured-500x367-1-64x47.png 64w\" sizes=\"auto, (max-width: 500px) 100vw, 500px\" \/><\/div><div class=\"produto-rating\"><div class=\"star-rating\"><span class=\"fa fa-star filled\"><\/span><span class=\"fa fa-star filled\"><\/span><span class=\"fa fa-star filled\"><\/span><span class=\"fa fa-star filled\"><\/span><span class=\"fa fa-star filled\"><\/span><\/div><\/div><h2 class=\"product-title\">Marina Pro CV<\/h2><div class=\"product-price\"><\/div><div class=\"btn_alugar price_off\">\n                <p>Entre em contato <br>para alugar<\/p>\n                <a href=\"https:\/\/api.whatsapp.com\/send\/?phone=5511995975810&amp;text=Ol\u00e1 vim atrav\u00e9s do site e gostaria de saber mais sobre a loca\u00e7\u00e3o desse produto: Marina Pro CV\" target=\"_blank\" aria-label=\"Bot\u00e3o para alugar produto\" rel=\"nofollow noopener\"><i class=\"fa-brands fa-whatsapp\"><\/i> Alugar<\/a>\n            <\/div><\/div><\/div><div class=\"col-12\"><div class=\"product-item\"><div class=\"product-image\"><img loading=\"lazy\" decoding=\"async\" width=\"1024\" height=\"1024\" src=\"https:\/\/cafelourenco.com.br\/wp-content\/uploads\/2025\/03\/Quadrant-2-dsp-1024x1024-1.jpg\" class=\"attachment-full size-full\" alt=\"Quadrant 2 DSP\" srcset=\"https:\/\/cafelourenco.com.br\/wp-content\/uploads\/2025\/03\/Quadrant-2-dsp-1024x1024-1.jpg 1024w, https:\/\/cafelourenco.com.br\/wp-content\/uploads\/2025\/03\/Quadrant-2-dsp-1024x1024-1-300x300.jpg 300w, https:\/\/cafelourenco.com.br\/wp-content\/uploads\/2025\/03\/Quadrant-2-dsp-1024x1024-1-150x150.jpg 150w, https:\/\/cafelourenco.com.br\/wp-content\/uploads\/2025\/03\/Quadrant-2-dsp-1024x1024-1-768x768.jpg 768w, https:\/\/cafelourenco.com.br\/wp-content\/uploads\/2025\/03\/Quadrant-2-dsp-1024x1024-1-600x600.jpg 600w, https:\/\/cafelourenco.com.br\/wp-content\/uploads\/2025\/03\/Quadrant-2-dsp-1024x1024-1-100x100.jpg 100w, https:\/\/cafelourenco.com.br\/wp-content\/uploads\/2025\/03\/Quadrant-2-dsp-1024x1024-1-64x64.jpg 64w\" sizes=\"auto, (max-width: 1024px) 100vw, 1024px\" \/><\/div><div class=\"produto-rating\"><div class=\"star-rating\"><span class=\"fa fa-star filled\"><\/span><span class=\"fa fa-star filled\"><\/span><span class=\"fa fa-star filled\"><\/span><span class=\"fa fa-star filled\"><\/span><span class=\"fa fa-star filled\"><\/span><\/div><\/div><h2 class=\"product-title\">Quadrant 2 DSP<\/h2><div class=\"product-price\"><\/div><div class=\"btn_alugar price_off\">\n                <p>Entre em contato <br>para alugar<\/p>\n                <a href=\"https:\/\/api.whatsapp.com\/send\/?phone=5511995975810&amp;text=Ol\u00e1 vim atrav\u00e9s do site e gostaria de saber mais sobre a loca\u00e7\u00e3o desse produto: Quadrant 2 DSP\" target=\"_blank\" aria-label=\"Bot\u00e3o para alugar produto\" rel=\"nofollow noopener\"><i class=\"fa-brands fa-whatsapp\"><\/i> Alugar<\/a>\n            <\/div><\/div><\/div><div class=\"col-12\"><div class=\"product-item\"><div class=\"product-image\"><img loading=\"lazy\" decoding=\"async\" width=\"1000\" height=\"1000\" src=\"https:\/\/cafelourenco.com.br\/wp-content\/uploads\/2025\/02\/LEI-SA-1.png\" class=\"attachment-full size-full\" alt=\"LEI SA\" srcset=\"https:\/\/cafelourenco.com.br\/wp-content\/uploads\/2025\/02\/LEI-SA-1.png 1000w, https:\/\/cafelourenco.com.br\/wp-content\/uploads\/2025\/02\/LEI-SA-1-300x300.png 300w, https:\/\/cafelourenco.com.br\/wp-content\/uploads\/2025\/02\/LEI-SA-1-150x150.png 150w, https:\/\/cafelourenco.com.br\/wp-content\/uploads\/2025\/02\/LEI-SA-1-768x768.png 768w, https:\/\/cafelourenco.com.br\/wp-content\/uploads\/2025\/02\/LEI-SA-1-600x600.png 600w, https:\/\/cafelourenco.com.br\/wp-content\/uploads\/2025\/02\/LEI-SA-1-100x100.png 100w, https:\/\/cafelourenco.com.br\/wp-content\/uploads\/2025\/02\/LEI-SA-1-64x64.png 64w\" sizes=\"auto, (max-width: 1000px) 100vw, 1000px\" \/><\/div><div class=\"produto-rating\"><div class=\"star-rating\"><span class=\"fa fa-star filled\"><\/span><span class=\"fa fa-star filled\"><\/span><span class=\"fa fa-star filled\"><\/span><span class=\"fa fa-star filled\"><\/span><span class=\"fa fa-star filled\"><\/span><\/div><\/div><div class=\"product-shipping-sale\"><span class=\"discount-tag\">6% OFF<\/span><\/div><h2 class=\"product-title\">LEI SA<\/h2><div class=\"product-price\"><del aria-hidden=\"true\"><span class=\"woocommerce-Price-amount amount\"><bdi><span class=\"woocommerce-Price-currencySymbol\">&#82;&#36;<\/span>&nbsp;17.999,99<\/bdi><\/span><\/del> <span class=\"screen-reader-text\">O pre\u00e7o original era: &#082;&#036;&nbsp;17.999,99.<\/span><ins aria-hidden=\"true\"><span class=\"woocommerce-Price-amount amount\"><bdi><span class=\"woocommerce-Price-currencySymbol\">&#82;&#36;<\/span>&nbsp;16.999,99<\/bdi><\/span><\/ins><span class=\"screen-reader-text\">O pre\u00e7o atual \u00e9: &#082;&#036;&nbsp;16.999,99.<\/span><\/div><div class=\"installments\">ou 4x de <span class=\"woocommerce-Price-amount amount\"><bdi><span class=\"woocommerce-Price-currencySymbol\">&#82;&#36;<\/span>&nbsp;4.250,00<\/bdi><\/span> sem juros<\/div><div class=\"buy-button\"><a href=\"https:\/\/cafelourenco.com.br\/produto\/lei-sa\/\" class=\"button\">Comprar!<\/a><\/div><\/div><\/div><div class=\"col-12\"><div class=\"product-item\"><div class=\"product-image\"><img loading=\"lazy\" decoding=\"async\" width=\"500\" height=\"367\" src=\"https:\/\/cafelourenco.com.br\/wp-content\/uploads\/2024\/10\/Anima-Pannarelo.png\" class=\"attachment-full size-full\" alt=\"ANIMA PANNARELLO\" srcset=\"https:\/\/cafelourenco.com.br\/wp-content\/uploads\/2024\/10\/Anima-Pannarelo.png 500w, https:\/\/cafelourenco.com.br\/wp-content\/uploads\/2024\/10\/Anima-Pannarelo-300x220.png 300w, https:\/\/cafelourenco.com.br\/wp-content\/uploads\/2024\/10\/Anima-Pannarelo-64x47.png 64w\" sizes=\"auto, (max-width: 500px) 100vw, 500px\" \/><\/div><div class=\"produto-rating\"><div class=\"star-rating\"><span class=\"fa fa-star filled\"><\/span><span class=\"fa fa-star filled\"><\/span><span class=\"fa fa-star filled\"><\/span><span class=\"fa fa-star filled\"><\/span><span class=\"fa fa-star filled\"><\/span><\/div><\/div><h2 class=\"product-title\">ANIMA PANNARELLO<\/h2><div class=\"product-price\"><span class=\"woocommerce-Price-amount amount\"><bdi><span class=\"woocommerce-Price-currencySymbol\">&#82;&#36;<\/span>&nbsp;5.800,00<\/bdi><\/span><\/div><div class=\"installments\">ou 4x de <span class=\"woocommerce-Price-amount amount\"><bdi><span class=\"woocommerce-Price-currencySymbol\">&#82;&#36;<\/span>&nbsp;1.450,00<\/bdi><\/span> sem juros<\/div><div class=\"buy-button\"><a href=\"https:\/\/cafelourenco.com.br\/produto\/anima-pannarello\/\" class=\"button\">Comprar!<\/a><\/div><\/div><\/div><div class=\"col-12\"><div class=\"product-item\"><div class=\"product-image\"><img loading=\"lazy\" decoding=\"async\" width=\"500\" height=\"367\" src=\"https:\/\/cafelourenco.com.br\/wp-content\/uploads\/2024\/10\/LEI-400.png\" class=\"attachment-full size-full\" alt=\"LEI 400\" srcset=\"https:\/\/cafelourenco.com.br\/wp-content\/uploads\/2024\/10\/LEI-400.png 500w, https:\/\/cafelourenco.com.br\/wp-content\/uploads\/2024\/10\/LEI-400-300x220.png 300w, https:\/\/cafelourenco.com.br\/wp-content\/uploads\/2024\/10\/LEI-400-64x47.png 64w\" sizes=\"auto, (max-width: 500px) 100vw, 500px\" \/><\/div><div class=\"produto-rating\"><div class=\"star-rating\"><span class=\"fa fa-star filled\"><\/span><span class=\"fa fa-star filled\"><\/span><span class=\"fa fa-star filled\"><\/span><span class=\"fa fa-star filled\"><\/span><span class=\"fa fa-star filled\"><\/span><\/div><\/div><div class=\"product-shipping-sale\"><span class=\"discount-tag\">7% OFF<\/span><\/div><h2 class=\"product-title\">LEI 400<\/h2><div class=\"product-price\"><del aria-hidden=\"true\"><span class=\"woocommerce-Price-amount amount\"><bdi><span class=\"woocommerce-Price-currencySymbol\">&#82;&#36;<\/span>&nbsp;27.999,99<\/bdi><\/span><\/del> <span class=\"screen-reader-text\">O pre\u00e7o original era: &#082;&#036;&nbsp;27.999,99.<\/span><ins aria-hidden=\"true\"><span class=\"woocommerce-Price-amount amount\"><bdi><span class=\"woocommerce-Price-currencySymbol\">&#82;&#36;<\/span>&nbsp;25.999,99<\/bdi><\/span><\/ins><span class=\"screen-reader-text\">O pre\u00e7o atual \u00e9: &#082;&#036;&nbsp;25.999,99.<\/span><\/div><div class=\"installments\">ou 4x de <span class=\"woocommerce-Price-amount amount\"><bdi><span class=\"woocommerce-Price-currencySymbol\">&#82;&#36;<\/span>&nbsp;6.500,00<\/bdi><\/span> sem juros<\/div><div class=\"buy-button\"><a href=\"https:\/\/cafelourenco.com.br\/produto\/lei-400\/\" class=\"button\">Comprar!<\/a><\/div><\/div><\/div><div class=\"col-12\"><div class=\"product-item\"><div class=\"product-image\"><img loading=\"lazy\" decoding=\"async\" width=\"500\" height=\"367\" src=\"https:\/\/cafelourenco.com.br\/wp-content\/uploads\/2025\/03\/Royal-Plus.png\" class=\"attachment-full size-full\" alt=\"NEW ROYAL\" srcset=\"https:\/\/cafelourenco.com.br\/wp-content\/uploads\/2025\/03\/Royal-Plus.png 500w, https:\/\/cafelourenco.com.br\/wp-content\/uploads\/2025\/03\/Royal-Plus-300x220.png 300w, https:\/\/cafelourenco.com.br\/wp-content\/uploads\/2025\/03\/Royal-Plus-64x47.png 64w\" sizes=\"auto, (max-width: 500px) 100vw, 500px\" \/><\/div><div class=\"produto-rating\"><div class=\"star-rating\"><span class=\"fa fa-star filled\"><\/span><span class=\"fa fa-star filled\"><\/span><span class=\"fa fa-star filled\"><\/span><span class=\"fa fa-star filled\"><\/span><span class=\"fa fa-star filled\"><\/span><\/div><\/div><div class=\"product-shipping-sale\"><span class=\"discount-tag\">5% OFF<\/span><\/div><h2 class=\"product-title\">NEW ROYAL<\/h2><div class=\"product-price\"><del aria-hidden=\"true\"><span class=\"woocommerce-Price-amount amount\"><bdi><span class=\"woocommerce-Price-currencySymbol\">&#82;&#36;<\/span>&nbsp;8.199,99<\/bdi><\/span><\/del> <span class=\"screen-reader-text\">O pre\u00e7o original era: &#082;&#036;&nbsp;8.199,99.<\/span><ins aria-hidden=\"true\"><span class=\"woocommerce-Price-amount amount\"><bdi><span class=\"woocommerce-Price-currencySymbol\">&#82;&#36;<\/span>&nbsp;7.800,00<\/bdi><\/span><\/ins><span class=\"screen-reader-text\">O pre\u00e7o atual \u00e9: &#082;&#036;&nbsp;7.800,00.<\/span><\/div><div class=\"installments\">ou 4x de <span class=\"woocommerce-Price-amount amount\"><bdi><span class=\"woocommerce-Price-currencySymbol\">&#82;&#36;<\/span>&nbsp;1.950,00<\/bdi><\/span> sem juros<\/div><div class=\"buy-button\"><a href=\"https:\/\/cafelourenco.com.br\/produto\/new-royal\/\" class=\"button\">Comprar!<\/a><\/div><\/div><\/div><div class=\"col-12\"><div class=\"product-item\"><div class=\"product-image\"><img loading=\"lazy\" decoding=\"async\" width=\"1028\" height=\"1192\" src=\"https:\/\/cafelourenco.com.br\/wp-content\/uploads\/2024\/10\/Hero-Solista-Shapes-1.png\" class=\"attachment-full size-full\" alt=\"SOLISTA\" srcset=\"https:\/\/cafelourenco.com.br\/wp-content\/uploads\/2024\/10\/Hero-Solista-Shapes-1.png 1028w, https:\/\/cafelourenco.com.br\/wp-content\/uploads\/2024\/10\/Hero-Solista-Shapes-1-259x300.png 259w, https:\/\/cafelourenco.com.br\/wp-content\/uploads\/2024\/10\/Hero-Solista-Shapes-1-883x1024.png 883w, https:\/\/cafelourenco.com.br\/wp-content\/uploads\/2024\/10\/Hero-Solista-Shapes-1-768x891.png 768w, https:\/\/cafelourenco.com.br\/wp-content\/uploads\/2024\/10\/Hero-Solista-Shapes-1-600x696.png 600w, https:\/\/cafelourenco.com.br\/wp-content\/uploads\/2024\/10\/Hero-Solista-Shapes-1-64x74.png 64w\" sizes=\"auto, (max-width: 1028px) 100vw, 1028px\" \/><\/div><div class=\"produto-rating\"><div class=\"star-rating\"><span class=\"fa fa-star filled\"><\/span><span class=\"fa fa-star filled\"><\/span><span class=\"fa fa-star filled\"><\/span><span class=\"fa fa-star filled\"><\/span><span class=\"fa fa-star filled\"><\/span><\/div><\/div><div class=\"product-shipping-sale\"><span class=\"discount-tag\">5% OFF<\/span><\/div><h2 class=\"product-title\">SOLISTA<\/h2><div class=\"product-price\"><del aria-hidden=\"true\"><span class=\"woocommerce-Price-amount amount\"><bdi><span class=\"woocommerce-Price-currencySymbol\">&#82;&#36;<\/span>&nbsp;20.999,99<\/bdi><\/span><\/del> <span class=\"screen-reader-text\">O pre\u00e7o original era: &#082;&#036;&nbsp;20.999,99.<\/span><ins aria-hidden=\"true\"><span class=\"woocommerce-Price-amount amount\"><bdi><span class=\"woocommerce-Price-currencySymbol\">&#82;&#36;<\/span>&nbsp;19.999,99<\/bdi><\/span><\/ins><span class=\"screen-reader-text\">O pre\u00e7o atual \u00e9: &#082;&#036;&nbsp;19.999,99.<\/span><\/div><div class=\"installments\">ou 4x de <span class=\"woocommerce-Price-amount amount\"><bdi><span class=\"woocommerce-Price-currencySymbol\">&#82;&#36;<\/span>&nbsp;5.000,00<\/bdi><\/span> sem juros<\/div><div class=\"buy-button\"><a href=\"https:\/\/cafelourenco.com.br\/produto\/solista\/\" class=\"button\">Comprar!<\/a><\/div><\/div><\/div><div class=\"col-12\"><div class=\"product-item\"><div class=\"product-image\"><img loading=\"lazy\" decoding=\"async\" width=\"500\" height=\"367\" src=\"https:\/\/cafelourenco.com.br\/wp-content\/uploads\/2024\/10\/Spidem.png\" class=\"attachment-full size-full\" alt=\"SPIDEM\" srcset=\"https:\/\/cafelourenco.com.br\/wp-content\/uploads\/2024\/10\/Spidem.png 500w, https:\/\/cafelourenco.com.br\/wp-content\/uploads\/2024\/10\/Spidem-300x220.png 300w, https:\/\/cafelourenco.com.br\/wp-content\/uploads\/2024\/10\/Spidem-64x47.png 64w\" sizes=\"auto, (max-width: 500px) 100vw, 500px\" \/><\/div><div class=\"produto-rating\"><div class=\"star-rating\"><span class=\"fa fa-star filled\"><\/span><span class=\"fa fa-star filled\"><\/span><span class=\"fa fa-star filled\"><\/span><span class=\"fa fa-star filled\"><\/span><span class=\"fa fa-star filled\"><\/span><\/div><\/div><div class=\"product-shipping-sale\"><span class=\"discount-tag\">5% OFF<\/span><\/div><h2 class=\"product-title\">SPIDEM<\/h2><div class=\"product-price\"><del aria-hidden=\"true\"><span class=\"woocommerce-Price-amount amount\"><bdi><span class=\"woocommerce-Price-currencySymbol\">&#82;&#36;<\/span>&nbsp;3.999,99<\/bdi><\/span><\/del> <span class=\"screen-reader-text\">O pre\u00e7o original era: &#082;&#036;&nbsp;3.999,99.<\/span><ins aria-hidden=\"true\"><span class=\"woocommerce-Price-amount amount\"><bdi><span class=\"woocommerce-Price-currencySymbol\">&#82;&#36;<\/span>&nbsp;3.800,00<\/bdi><\/span><\/ins><span class=\"screen-reader-text\">O pre\u00e7o atual \u00e9: &#082;&#036;&nbsp;3.800,00.<\/span><\/div><div class=\"installments\">ou 4x de <span class=\"woocommerce-Price-amount amount\"><bdi><span class=\"woocommerce-Price-currencySymbol\">&#82;&#36;<\/span>&nbsp;950,00<\/bdi><\/span> sem juros<\/div><div class=\"buy-button\"><a href=\"https:\/\/cafelourenco.com.br\/produto\/spidem-8120-0\/\" class=\"button\">Comprar!<\/a><\/div><\/div><\/div><div class=\"col-12\"><div class=\"product-item\"><div class=\"product-image\"><img loading=\"lazy\" decoding=\"async\" width=\"500\" height=\"367\" src=\"https:\/\/cafelourenco.com.br\/wp-content\/uploads\/2024\/10\/Spidem-Duo.png\" class=\"attachment-full size-full\" alt=\"SPIDEM DUO\" srcset=\"https:\/\/cafelourenco.com.br\/wp-content\/uploads\/2024\/10\/Spidem-Duo.png 500w, https:\/\/cafelourenco.com.br\/wp-content\/uploads\/2024\/10\/Spidem-Duo-300x220.png 300w, https:\/\/cafelourenco.com.br\/wp-content\/uploads\/2024\/10\/Spidem-Duo-64x47.png 64w\" sizes=\"auto, (max-width: 500px) 100vw, 500px\" \/><\/div><div class=\"produto-rating\"><div class=\"star-rating\"><span class=\"fa fa-star filled\"><\/span><span class=\"fa fa-star filled\"><\/span><span class=\"fa fa-star filled\"><\/span><span class=\"fa fa-star filled\"><\/span><span class=\"fa fa-star filled\"><\/span><\/div><\/div><div class=\"product-shipping-sale\"><span class=\"discount-tag\">5% OFF<\/span><\/div><h2 class=\"product-title\">SPIDEM DUO<\/h2><div class=\"product-price\"><del aria-hidden=\"true\"><span class=\"woocommerce-Price-amount amount\"><bdi><span class=\"woocommerce-Price-currencySymbol\">&#82;&#36;<\/span>&nbsp;7.999,99<\/bdi><\/span><\/del> <span class=\"screen-reader-text\">O pre\u00e7o original era: &#082;&#036;&nbsp;7.999,99.<\/span><ins aria-hidden=\"true\"><span class=\"woocommerce-Price-amount amount\"><bdi><span class=\"woocommerce-Price-currencySymbol\">&#82;&#36;<\/span>&nbsp;7.600,00<\/bdi><\/span><\/ins><span class=\"screen-reader-text\">O pre\u00e7o atual \u00e9: &#082;&#036;&nbsp;7.600,00.<\/span><\/div><div class=\"installments\">ou 4x de <span class=\"woocommerce-Price-amount amount\"><bdi><span class=\"woocommerce-Price-currencySymbol\">&#82;&#36;<\/span>&nbsp;1.900,00<\/bdi><\/span> sem juros<\/div><div class=\"buy-button\"><a href=\"https:\/\/cafelourenco.com.br\/produto\/spidem-duo\/\" class=\"button\">Comprar!<\/a><\/div><\/div><\/div><\/div><\/div>\n                    <\/div>\n                        \n        <\/div>\n    <\/div>\n\n\n\n\n<figure class=\"wp-block-gallery has-nested-images columns-3 is-cropped wp-block-gallery-1 is-layout-flex wp-block-gallery-is-layout-flex\">\n<figure class=\"wp-block-image size-full\"><img loading=\"lazy\" decoding=\"async\" width=\"345\" height=\"520\" data-id=\"507\" src=\"https:\/\/cafelourenco.com.br\/wp-content\/uploads\/2024\/12\/Cafe-Lourenco-Historia-2.webp\" alt=\"\" class=\"wp-image-507\" srcset=\"https:\/\/cafelourenco.com.br\/wp-content\/uploads\/2024\/12\/Cafe-Lourenco-Historia-2.webp 345w, https:\/\/cafelourenco.com.br\/wp-content\/uploads\/2024\/12\/Cafe-Lourenco-Historia-2-199x300.webp 199w, https:\/\/cafelourenco.com.br\/wp-content\/uploads\/2024\/12\/Cafe-Lourenco-Historia-2-64x96.webp 64w\" sizes=\"auto, (max-width: 345px) 100vw, 345px\" \/><\/figure>\n\n\n\n<figure class=\"wp-block-image size-full\"><img loading=\"lazy\" decoding=\"async\" width=\"741\" height=\"520\" data-id=\"505\" src=\"https:\/\/cafelourenco.com.br\/wp-content\/uploads\/2024\/12\/Cafe-Lourenco-Historia-1.webp\" alt=\"\" class=\"wp-image-505\" srcset=\"https:\/\/cafelourenco.com.br\/wp-content\/uploads\/2024\/12\/Cafe-Lourenco-Historia-1.webp 741w, https:\/\/cafelourenco.com.br\/wp-content\/uploads\/2024\/12\/Cafe-Lourenco-Historia-1-300x211.webp 300w, https:\/\/cafelourenco.com.br\/wp-content\/uploads\/2024\/12\/Cafe-Lourenco-Historia-1-600x421.webp 600w, https:\/\/cafelourenco.com.br\/wp-content\/uploads\/2024\/12\/Cafe-Lourenco-Historia-1-64x45.webp 64w\" sizes=\"auto, (max-width: 741px) 100vw, 741px\" \/><\/figure>\n\n\n\n<figure class=\"wp-block-image size-full\"><img loading=\"lazy\" decoding=\"async\" width=\"758\" height=\"520\" data-id=\"504\" src=\"https:\/\/cafelourenco.com.br\/wp-content\/uploads\/2024\/12\/Cafe-Lourenco-Historia-5.webp\" alt=\"\" class=\"wp-image-504\" srcset=\"https:\/\/cafelourenco.com.br\/wp-content\/uploads\/2024\/12\/Cafe-Lourenco-Historia-5.webp 758w, https:\/\/cafelourenco.com.br\/wp-content\/uploads\/2024\/12\/Cafe-Lourenco-Historia-5-300x206.webp 300w, https:\/\/cafelourenco.com.br\/wp-content\/uploads\/2024\/12\/Cafe-Lourenco-Historia-5-600x412.webp 600w, https:\/\/cafelourenco.com.br\/wp-content\/uploads\/2024\/12\/Cafe-Lourenco-Historia-5-64x44.webp 64w\" sizes=\"auto, (max-width: 758px) 100vw, 758px\" \/><\/figure>\n\n\n\n<figure class=\"wp-block-image size-full\"><img loading=\"lazy\" decoding=\"async\" width=\"761\" height=\"520\" data-id=\"503\" src=\"https:\/\/cafelourenco.com.br\/wp-content\/uploads\/2024\/12\/Cafe-Lourenco-Historia-4.webp\" alt=\"\" class=\"wp-image-503\" srcset=\"https:\/\/cafelourenco.com.br\/wp-content\/uploads\/2024\/12\/Cafe-Lourenco-Historia-4.webp 761w, https:\/\/cafelourenco.com.br\/wp-content\/uploads\/2024\/12\/Cafe-Lourenco-Historia-4-300x205.webp 300w, https:\/\/cafelourenco.com.br\/wp-content\/uploads\/2024\/12\/Cafe-Lourenco-Historia-4-600x410.webp 600w, https:\/\/cafelourenco.com.br\/wp-content\/uploads\/2024\/12\/Cafe-Lourenco-Historia-4-64x44.webp 64w\" sizes=\"auto, (max-width: 761px) 100vw, 761px\" \/><\/figure>\n\n\n\n<figure class=\"wp-block-image size-full\"><img loading=\"lazy\" decoding=\"async\" width=\"725\" height=\"520\" data-id=\"508\" src=\"https:\/\/cafelourenco.com.br\/wp-content\/uploads\/2024\/12\/Cafe-Lourenco-Historia-3.webp\" alt=\"\" class=\"wp-image-508\" srcset=\"https:\/\/cafelourenco.com.br\/wp-content\/uploads\/2024\/12\/Cafe-Lourenco-Historia-3.webp 725w, https:\/\/cafelourenco.com.br\/wp-content\/uploads\/2024\/12\/Cafe-Lourenco-Historia-3-300x215.webp 300w, https:\/\/cafelourenco.com.br\/wp-content\/uploads\/2024\/12\/Cafe-Lourenco-Historia-3-600x430.webp 600w, https:\/\/cafelourenco.com.br\/wp-content\/uploads\/2024\/12\/Cafe-Lourenco-Historia-3-64x46.webp 64w\" sizes=\"auto, (max-width: 725px) 100vw, 725px\" \/><\/figure>\n<\/figure>\n\n\n\n\n    <div class=\"container-fluid container-lg\">\n        <div class=\"row row-categoria-especifica-destaque title-chamada\">\n        <h2>Aproveite <strong>Nossos caf\u00e9s<\/strong><\/h2>\n\n\n            <a href=\"\/categoria-produto\/produtos\/expresso\" title=\"Produtos Expresso\" class=\"col-12 col-lg-6 px-0\">\n                <div class=\"col-categoria\">\n                    <img decoding=\"async\" src=\"https:\/\/cafelourenco.com.br\/wp-content\/uploads\/2024\/10\/Compre-Nossos-Moinhos.webp\" alt=\"\" class=\"img-fluid\">\n                    <div>\n                        <h2>\n                            Produtos\n                            <br>\n                            <strong>Expresso<\/strong>\n                        <\/h2>\n                    <\/div>\n                <\/div>\n            <\/a>\n        \n            <a href=\"\/categoria-produto\/produtos\/moido\" title=\"Produtos Mo\u00eddo\" class=\"col-12 col-lg-6 px-0\">\n                <div class=\"col-categoria\">\n                    <img decoding=\"async\" src=\"https:\/\/cafelourenco.com.br\/wp-content\/uploads\/2024\/10\/Cafe-Moido.webp\" alt=\"\" class=\"img-fluid\">\n                    <div>\n                        <h2>\n                            Produtos\n                            <br>\n                            <strong>Mo\u00eddo<\/strong>\n                        <\/h2>\n                    <\/div>\n                <\/div>\n            <\/a>\n        \n        <\/div>\n    <\/div>\n\n","protected":false},"excerpt":{"rendered":"","protected":false},"author":1,"featured_media":0,"parent":0,"menu_order":0,"comment_status":"closed","ping_status":"closed","template":"","meta":{"_acf_changed":false,"inline_featured_image":false,"footnotes":""},"class_list":["post-63","page","type-page","status-publish","hentry"],"acf":[],"_links":{"self":[{"href":"https:\/\/cafelourenco.com.br\/act-json\/wp\/v2\/pages\/63","targetHints":{"allow":["GET"]}}],"collection":[{"href":"https:\/\/cafelourenco.com.br\/act-json\/wp\/v2\/pages"}],"about":[{"href":"https:\/\/cafelourenco.com.br\/act-json\/wp\/v2\/types\/page"}],"author":[{"embeddable":true,"href":"https:\/\/cafelourenco.com.br\/act-json\/wp\/v2\/users\/1"}],"replies":[{"embeddable":true,"href":"https:\/\/cafelourenco.com.br\/act-json\/wp\/v2\/comments?post=63"}],"version-history":[{"count":13,"href":"https:\/\/cafelourenco.com.br\/act-json\/wp\/v2\/pages\/63\/revisions"}],"predecessor-version":[{"id":517,"href":"https:\/\/cafelourenco.com.br\/act-json\/wp\/v2\/pages\/63\/revisions\/517"}],"wp:attachment":[{"href":"https:\/\/cafelourenco.com.br\/act-json\/wp\/v2\/media?parent=63"}],"curies":[{"name":"wp","href":"https:\/\/api.w.org\/{rel}","templated":true}]}}