{"id":633,"date":"2025-03-10T12:21:16","date_gmt":"2025-03-10T15:21:16","guid":{"rendered":"https:\/\/cafe.actmobmarketingdigital.com.br\/?post_type=product&#038;p=633"},"modified":"2025-10-09T15:58:09","modified_gmt":"2025-10-09T18:58:09","slug":"la-nera-2-grupos-standart","status":"publish","type":"product","link":"https:\/\/cafelourenco.com.br\/produto\/la-nera-2-grupos-standart\/","title":{"rendered":"La Nera 2 &#8211; Standart"},"content":{"rendered":"<p>A mais recente m\u00e1quina profissional da Gaggia, La Nera, oferece a intensa emo\u00e7\u00e3o que apenas o melhor espresso pode proporcionar. Uma m\u00e1quina contempor\u00e2nea, adequada \u00e0s tend\u00eancias e necessidades mais modernas do mundo do caf\u00e9, como evidenciado pela possibilidade de controlar remotamente as suas fun\u00e7\u00f5es e desempenho, al\u00e9m de contar com kits de porta-filtros adequados para c\u00e1psulas profissionais e monodoses de papel certificadas ESE.<\/p>\n<p>&nbsp;<\/p>\n<table class=\"table table--type--specifications table--view-mode--default\">\n<tbody>\n<tr class=\"field field--name-field-sp-width field--type-string field--label-above\">\n<td class=\"field--label\">Largura<\/td>\n<td class=\"field--item\">57 cm<\/td>\n<\/tr>\n<tr class=\"field field--name-field-sp-depth field--type-string field--label-above\">\n<td class=\"field--label\">Profundidade<\/td>\n<td class=\"field--item\">53 cm<\/td>\n<\/tr>\n<tr class=\"field field--name-field-sp-height field--type-string field--label-above\">\n<td class=\"field--label\">Altura<\/td>\n<td class=\"field--item\">42 cm<\/td>\n<\/tr>\n<tr class=\"field field--name-field-sp-weight field--type-string field--label-above\">\n<td class=\"field--label\">Peso<\/td>\n<td class=\"field--item\">52 Kg<\/td>\n<\/tr>\n<tr class=\"field field--name-field-sp-voltage field--type-string field--label-above\">\n<td class=\"field--label\">Voltagem<\/td>\n<td class=\"field--item\">230 V \/ 50-60 Hz<\/td>\n<\/tr>\n<tr class=\"field field--name-field-sp-steam-boiler-power field--type-string field--label-above\">\n<td class=\"field--label\">Pot\u00eancia da caldeira de vapor<\/td>\n<td class=\"field--item\">2800 W<\/td>\n<\/tr>\n<tr class=\"field field--name-field-sp-steam-boiler-cap field--type-string field--label-above\">\n<td class=\"field--label\">Capacidade da caldeira de vapor<\/td>\n<td class=\"field--item\">13 Lt<\/td>\n<\/tr>\n<\/tbody>\n<\/table>\n<p>Sistema T\u00e9rmico: Termossif\u00e3o<br \/>\nQuantidade de Caldeiras: 3<br \/>\nAbastecimento de \u00e1gua: H\u00eddrico &#8211; Gal\u00e3o<br \/>\nVaporizador: Acionamento por controle manual<br \/>\nBot\u00e3o: Push buton grandes com ilumina\u00e7\u00e3o<br \/>\nDispensa\u00e7\u00e3o simult\u00e2nea de 2 x\u00edcaras de caf\u00e9: Sim<\/p>\n<div class=\"field--item\">Caldeira de cobre com permutador de calor independente para cada grupo<\/div>\n<div class=\"field--item\">Controle eletr\u00f4nico do n\u00edvel de \u00e1gua da caldeira<\/div>\n<div class=\"field--item\">Pain\u00e9is e acabamentos de a\u00e7o inoxid\u00e1vel anticorros\u00e3o<\/div>\n<div class=\"field--item\">Dist\u00e2ncia entre a bandeja de ch\u00e1venas e o bico de caf\u00e9: 91 mm<\/div>\n<div class=\"field--item\">\u00c1rea de trabalho iluminada com luzes LED<\/div>\n<div class=\"field--item\">5 grandes bot\u00f5es retroiluminados para cada grupo<\/div>\n<div class=\"field--item\">Bot\u00f5es ergon\u00f4micos de \u00e1gua e vapor (sistema de quarto de volta)<\/div>\n<div class=\"field--item\">Lan\u00e7as de vapor e \u00e1gua quente<\/div>\n<div class=\"field--item\">P\u00e9s antiderrapantes<\/div>\n","protected":false},"excerpt":{"rendered":"<p>A mais recente m\u00e1quina profissional da Gaggia, La Nera, oferece a intensa emo\u00e7\u00e3o que apenas o melhor espresso pode proporcionar. Uma m\u00e1quina contempor\u00e2nea, adequada \u00e0s tend\u00eancias e necessidades mais modernas do mundo do caf\u00e9, como evidenciado pela possibilidade de controlar remotamente as suas fun\u00e7\u00f5es e desempenho, al\u00e9m de contar com kits de porta-filtros adequados para [&hellip;]<\/p>\n","protected":false},"featured_media":642,"template":"","meta":{"_acf_changed":false,"inline_featured_image":false},"product_brand":[],"product_cat":[20],"product_tag":[],"class_list":{"0":"post-633","1":"product","2":"type-product","3":"status-publish","4":"has-post-thumbnail","6":"product_cat-maquinas-profissionais","8":"first","9":"instock","10":"taxable","11":"shipping-taxable","12":"purchasable","13":"product-type-simple"},"acf":[],"_links":{"self":[{"href":"https:\/\/cafelourenco.com.br\/act-json\/wp\/v2\/product\/633","targetHints":{"allow":["GET"]}}],"collection":[{"href":"https:\/\/cafelourenco.com.br\/act-json\/wp\/v2\/product"}],"about":[{"href":"https:\/\/cafelourenco.com.br\/act-json\/wp\/v2\/types\/product"}],"wp:featuredmedia":[{"embeddable":true,"href":"https:\/\/cafelourenco.com.br\/act-json\/wp\/v2\/media\/642"}],"wp:attachment":[{"href":"https:\/\/cafelourenco.com.br\/act-json\/wp\/v2\/media?parent=633"}],"wp:term":[{"taxonomy":"product_brand","embeddable":true,"href":"https:\/\/cafelourenco.com.br\/act-json\/wp\/v2\/product_brand?post=633"},{"taxonomy":"product_cat","embeddable":true,"href":"https:\/\/cafelourenco.com.br\/act-json\/wp\/v2\/product_cat?post=633"},{"taxonomy":"product_tag","embeddable":true,"href":"https:\/\/cafelourenco.com.br\/act-json\/wp\/v2\/product_tag?post=633"}],"curies":[{"name":"wp","href":"https:\/\/api.w.org\/{rel}","templated":true}]}}